{"id":204,"date":"2025-10-29T17:50:30","date_gmt":"2025-10-29T17:50:30","guid":{"rendered":"https:\/\/sfnadal.ca\/?page_id=204"},"modified":"2025-10-30T01:00:57","modified_gmt":"2025-10-30T01:00:57","slug":"planification-et-processus","status":"publish","type":"page","link":"https:\/\/sfnadal.ca\/?page_id=204","title":{"rendered":"PLANIFICATION ET PROCESSUS"},"content":{"rendered":"<p>[et_pb_section fb_built=\u00a0\u00bb1&Prime; admin_label=\u00a0\u00bbHero\u00a0\u00bb _builder_version=\u00a0\u00bb4.27.4&Prime; custom_padding=\u00a0\u00bb0|0px|54px|0px|false|false\u00a0\u00bb bottom_divider_height=\u00a0\u00bb0px\u00a0\u00bb hover_enabled=\u00a0\u00bb0&Prime; border_width_bottom=\u00a0\u00bb1px\u00a0\u00bb border_color_bottom=\u00a0\u00bb#efefef\u00a0\u00bb global_colors_info=\u00a0\u00bb{}\u00a0\u00bb background_color=\u00a0\u00bb#edf3f5&Prime; sticky_enabled=\u00a0\u00bb0&Prime;][et_pb_row column_structure=\u00a0\u00bb1_2,1_2&Prime; _builder_version=\u00a0\u00bb4.16&Prime; width=\u00a0\u00bb100%\u00a0\u00bb max_width=\u00a0\u00bb100%\u00a0\u00bb custom_margin=\u00a0\u00bb|||\u00a0\u00bb custom_margin_tablet=\u00a0\u00bb||0px|\u00a0\u00bb custom_margin_phone=\u00a0\u00bb\u00a0\u00bb custom_margin_last_edited=\u00a0\u00bbon|desktop\u00a0\u00bb custom_padding=\u00a0\u00bb0|0px|0px|0px|false|false\u00a0\u00bb use_custom_width=\u00a0\u00bbon\u00a0\u00bb width_unit=\u00a0\u00bboff\u00a0\u00bb custom_width_percent=\u00a0\u00bb100%\u00a0\u00bb global_colors_info=\u00a0\u00bb{}\u00a0\u00bb][et_pb_column type=\u00a0\u00bb1_2&Prime; _builder_version=\u00a0\u00bb4.16&Prime; custom_padding=\u00a0\u00bb6%||6%|12%\u00a0\u00bb custom_padding_tablet=\u00a0\u00bb50px|50px|50px|50px\u00a0\u00bb custom_padding_phone=\u00a0\u00bb50px|50px|50px|50px\u00a0\u00bb custom_padding_last_edited=\u00a0\u00bbon|tablet\u00a0\u00bb global_colors_info=\u00a0\u00bb{}\u00a0\u00bb padding_tablet=\u00a0\u00bb50px|50px|50px|50px\u00a0\u00bb padding_last_edited=\u00a0\u00bbon|tablet\u00a0\u00bb custom_padding__hover=\u00a0\u00bb|||\u00a0\u00bb padding_phone=\u00a0\u00bb50px|50px|50px|50px\u00a0\u00bb][et_pb_image src=\u00a0\u00bbhttps:\/\/sfnadal.ca\/wp-content\/uploads\/2025\/10\/PLANIFICATION-.png\u00a0\u00bb title_text=\u00a0\u00bbPLANIFICATION\u00a0\u00bb _builder_version=\u00a0\u00bb4.27.4&Prime; _module_preset=\u00a0\u00bbdefault\u00a0\u00bb custom_padding=\u00a0\u00bb|330px||||\u00a0\u00bb animation_style=\u00a0\u00bbslide\u00a0\u00bb animation_direction=\u00a0\u00bbleft\u00a0\u00bb global_colors_info=\u00a0\u00bb{}\u00a0\u00bb][\/et_pb_image][et_pb_text _builder_version=\u00a0\u00bb4.27.4&Prime; text_font=\u00a0\u00bbMontserrat|300|||||||\u00a0\u00bb text_text_color=\u00a0\u00bb#677a92&Prime; text_font_size=\u00a0\u00bb16px\u00a0\u00bb text_line_height=\u00a0\u00bb1.8em\u00a0\u00bb header_font=\u00a0\u00bbMontserrat||||||||\u00a0\u00bb header_text_color=\u00a0\u00bb#084f82&Prime; header_font_size=\u00a0\u00bb50px\u00a0\u00bb header_line_height=\u00a0\u00bb1.3em\u00a0\u00bb header_2_font=\u00a0\u00bb||||||||\u00a0\u00bb max_width=\u00a0\u00bb600px\u00a0\u00bb custom_margin=\u00a0\u00bb||-84px|||\u00a0\u00bb custom_margin_tablet=\u00a0\u00bb0px|50px||50px\u00a0\u00bb custom_margin_phone=\u00a0\u00bb|20px||\u00a0\u00bb custom_margin_last_edited=\u00a0\u00bboff|desktop\u00a0\u00bb custom_padding=\u00a0\u00bb|||\u00a0\u00bb animation_style=\u00a0\u00bbslide\u00a0\u00bb animation_direction=\u00a0\u00bbleft\u00a0\u00bb text_line_height_tablet=\u00a0\u00bb1.8em\u00a0\u00bb text_line_height_phone=\u00a0\u00bb1.8em\u00a0\u00bb text_line_height_last_edited=\u00a0\u00bbon|phone\u00a0\u00bb header_font_size_tablet=\u00a0\u00bb\u00a0\u00bb header_font_size_phone=\u00a0\u00bb36px\u00a0\u00bb header_font_size_last_edited=\u00a0\u00bbon|phone\u00a0\u00bb header_2_font_size_phone=\u00a0\u00bb30px\u00a0\u00bb header_2_font_size_last_edited=\u00a0\u00bboff|desktop\u00a0\u00bb locked=\u00a0\u00bboff\u00a0\u00bb global_colors_info=\u00a0\u00bb{}\u00a0\u00bb]<\/p>\n<h1>Planification et Processus<\/h1>\n<p>[\/et_pb_text][\/et_pb_column][et_pb_column type=\u00a0\u00bb1_2&Prime; _builder_version=\u00a0\u00bb4.16&Prime; custom_padding=\u00a0\u00bb|||\u00a0\u00bb global_colors_info=\u00a0\u00bb{}\u00a0\u00bb custom_padding__hover=\u00a0\u00bb|||\u00a0\u00bb][et_pb_image src=\u00a0\u00bbhttps:\/\/sfnadal.ca\/wp-content\/uploads\/2025\/10\/young-beautiful-businesswoman-speaking-phone-workplace-office-scaled.jpg\u00a0\u00bb title_text=\u00a0\u00bbParticuliers\u00a0\u00bb force_fullwidth=\u00a0\u00bbon\u00a0\u00bb align_tablet=\u00a0\u00bbcenter\u00a0\u00bb align_phone=\u00a0\u00bbcenter\u00a0\u00bb align_last_edited=\u00a0\u00bbon|desktop\u00a0\u00bb _builder_version=\u00a0\u00bb4.27.4&Prime; background_color=\u00a0\u00bbRGBA(255,255,255,0)\u00a0\u00bb background_position=\u00a0\u00bbtop_left\u00a0\u00bb background_horizontal_offset=\u00a0\u00bb-9%\u00a0\u00bb custom_margin=\u00a0\u00bb|||\u00a0\u00bb custom_padding=\u00a0\u00bb|||\u00a0\u00bb hover_enabled=\u00a0\u00bb0&Prime; border_radii=\u00a0\u00bb|24vw|||24vw\u00a0\u00bb border_color_all=\u00a0\u00bb#FFFFFF\u00a0\u00bb border_width_left=\u00a0\u00bb2vw\u00a0\u00bb border_color_left=\u00a0\u00bb#084f82&Prime; box_shadow_style=\u00a0\u00bbpreset1&Prime; box_shadow_horizontal=\u00a0\u00bb-8px\u00a0\u00bb box_shadow_blur=\u00a0\u00bb24px\u00a0\u00bb box_shadow_color=\u00a0\u00bb#084f82&Prime; global_colors_info=\u00a0\u00bb{}\u00a0\u00bb border_width_left__hover_enabled=\u00a0\u00bbon|desktop\u00a0\u00bb border_width_bottom=\u00a0\u00bb4px\u00a0\u00bb border_color_bottom=\u00a0\u00bb#084f82&Prime; box_shadow_vertical=\u00a0\u00bb9px\u00a0\u00bb sticky_enabled=\u00a0\u00bb0&Prime; max_height=\u00a0\u00bb883px\u00a0\u00bb border_width_left__hover=\u00a0\u00bb2vw\u00a0\u00bb][\/et_pb_image][\/et_pb_column][\/et_pb_row][et_pb_row column_structure=\u00a0\u00bb1_5,3_5,1_5&Prime; _builder_version=\u00a0\u00bb4.27.4&Prime; _module_preset=\u00a0\u00bbdefault\u00a0\u00bb global_colors_info=\u00a0\u00bb{}\u00a0\u00bb][et_pb_column type=\u00a0\u00bb1_5&Prime; _builder_version=\u00a0\u00bb4.27.4&Prime; _module_preset=\u00a0\u00bbdefault\u00a0\u00bb global_colors_info=\u00a0\u00bb{}\u00a0\u00bb][et_pb_image src=\u00a0\u00bbhttps:\/\/sfnadal.ca\/wp-content\/uploads\/2025\/10\/PLANIFICATION-FINANCIERE.png\u00a0\u00bb title_text=\u00a0\u00bbPLANIFICATION FINANCIE\u0300RE\u00a0\u00bb _builder_version=\u00a0\u00bb4.27.4&Prime; _module_preset=\u00a0\u00bbdefault\u00a0\u00bb hover_enabled=\u00a0\u00bb0&Prime; global_colors_info=\u00a0\u00bb{}\u00a0\u00bb animation_style=\u00a0\u00bbslide\u00a0\u00bb sticky_enabled=\u00a0\u00bb0&Prime;][\/et_pb_image][\/et_pb_column][et_pb_column type=\u00a0\u00bb3_5&Prime; _builder_version=\u00a0\u00bb4.27.4&Prime; _module_preset=\u00a0\u00bbdefault\u00a0\u00bb global_colors_info=\u00a0\u00bb{}\u00a0\u00bb][\/et_pb_column][et_pb_column type=\u00a0\u00bb1_5&Prime; _builder_version=\u00a0\u00bb4.27.4&Prime; _module_preset=\u00a0\u00bbdefault\u00a0\u00bb global_colors_info=\u00a0\u00bb{}\u00a0\u00bb][\/et_pb_column][\/et_pb_row][et_pb_row _builder_version=\u00a0\u00bb4.27.4&Prime; _module_preset=\u00a0\u00bbdefault\u00a0\u00bb global_colors_info=\u00a0\u00bb{}\u00a0\u00bb][et_pb_column type=\u00a0\u00bb4_4&Prime; _builder_version=\u00a0\u00bb4.27.4&Prime; _module_preset=\u00a0\u00bbdefault\u00a0\u00bb global_colors_info=\u00a0\u00bb{}\u00a0\u00bb][et_pb_heading title=\u00a0\u00bbPlanification de la s\u00e9curit\u00e9\u00a0\u00bb _builder_version=\u00a0\u00bb4.27.4&Prime; _module_preset=\u00a0\u00bbdefault\u00a0\u00bb title_level=\u00a0\u00bbh2&Prime; title_font=\u00a0\u00bb&#8211;et_global_heading_font|600|||||||\u00a0\u00bb title_text_color=\u00a0\u00bb#084f82&Prime; title_font_size=\u00a0\u00bb35px\u00a0\u00bb title_letter_spacing=\u00a0\u00bb1px\u00a0\u00bb title_line_height=\u00a0\u00bb1.5em\u00a0\u00bb custom_margin=\u00a0\u00bb||-20px|||\u00a0\u00bb hover_enabled=\u00a0\u00bb0&Prime; global_colors_info=\u00a0\u00bb{}\u00a0\u00bb sticky_enabled=\u00a0\u00bb0&Prime; animation_style=\u00a0\u00bbslide\u00a0\u00bb animation_direction=\u00a0\u00bbleft\u00a0\u00bb][\/et_pb_heading][\/et_pb_column][\/et_pb_row][et_pb_row column_structure=\u00a0\u00bb1_2,1_2&Prime; _builder_version=\u00a0\u00bb4.27.4&Prime; _module_preset=\u00a0\u00bbdefault\u00a0\u00bb global_colors_info=\u00a0\u00bb{}\u00a0\u00bb][et_pb_column type=\u00a0\u00bb1_2&Prime; _builder_version=\u00a0\u00bb4.27.4&Prime; _module_preset=\u00a0\u00bbdefault\u00a0\u00bb global_colors_info=\u00a0\u00bb{}\u00a0\u00bb][et_pb_text _builder_version=\u00a0\u00bb4.27.4&Prime; _module_preset=\u00a0\u00bbdefault\u00a0\u00bb text_font=\u00a0\u00bb&#8211;et_global_body_font||||||||\u00a0\u00bb text_font_size=\u00a0\u00bb15px\u00a0\u00bb text_letter_spacing=\u00a0\u00bb1px\u00a0\u00bb text_line_height=\u00a0\u00bb1.5em\u00a0\u00bb global_colors_info=\u00a0\u00bb{}\u00a0\u00bb]<\/p>\n<p data-start=\"185\" data-end=\"400\" style=\"text-align: justify;\">Planifier votre s\u00e9curit\u00e9 financi\u00e8re, ce n\u2019est pas seulement pr\u00e9parer la retraite. C\u2019est aussi prot\u00e9ger ce qui compte pour vous aujourd\u2019hui et poser les bases pour r\u00e9aliser vos objectifs \u00e0 court, moyen et long terme.<\/p>\n<p data-start=\"402\" data-end=\"688\" style=\"text-align: justify;\">Nous vous accompagnons dans la cr\u00e9ation d\u2019un programme de s\u00e9curit\u00e9 financi\u00e8re adapt\u00e9 \u00e0 votre r\u00e9alit\u00e9, qui allie souplesse, performance et protection. Ce programme repose sur une combinaison strat\u00e9gique de solutions d\u2019assurance et de placement, s\u00e9lectionn\u00e9es selon vos besoins \u00e9volutifs.<\/p>\n<p>[\/et_pb_text][et_pb_text _builder_version=\u00a0\u00bb4.27.4&Prime; _module_preset=\u00a0\u00bbdefault\u00a0\u00bb text_font=\u00a0\u00bb&#8211;et_global_body_font||||||||\u00a0\u00bb text_font_size=\u00a0\u00bb15px\u00a0\u00bb text_letter_spacing=\u00a0\u00bb1px\u00a0\u00bb text_line_height=\u00a0\u00bb1.5em\u00a0\u00bb global_colors_info=\u00a0\u00bb{}\u00a0\u00bb]<\/p>\n<p><strong>Faites le premier pas d\u00e8s aujourd\u2019hui. <\/strong><\/p>\n<p><strong>Parlons de vos priorit\u00e9s et construisons ensemble un plan solide et durable.<\/strong><\/p>\n<p>[\/et_pb_text][\/et_pb_column][et_pb_column type=\u00a0\u00bb1_2&Prime; _builder_version=\u00a0\u00bb4.27.4&Prime; _module_preset=\u00a0\u00bbdefault\u00a0\u00bb global_colors_info=\u00a0\u00bb{}\u00a0\u00bb][et_pb_text _builder_version=\u00a0\u00bb4.27.4&Prime; _module_preset=\u00a0\u00bbdefault\u00a0\u00bb text_font=\u00a0\u00bb&#8211;et_global_body_font||||||||\u00a0\u00bb text_font_size=\u00a0\u00bb15px\u00a0\u00bb text_letter_spacing=\u00a0\u00bb1px\u00a0\u00bb text_line_height=\u00a0\u00bb1.4em\u00a0\u00bb global_colors_info=\u00a0\u00bb{}\u00a0\u00bb]<\/p>\n<p><strong>Un bon plan de s\u00e9curit\u00e9 financi\u00e8re vous permettre de :<\/p>\n<p><\/strong><\/p>\n<ul>\n<li data-start=\"751\" data-end=\"1144\">Prot\u00e9ger vos proches en cas ded\u00e9c\u00e8s, d\u2019invalidit\u00e9 ou de maladie grave<\/li>\n<li data-start=\"751\" data-end=\"1144\">Assurer une retraite stable et confortable<\/li>\n<li data-start=\"751\" data-end=\"1144\">R\u00e9duire et mieux g\u00e9rer vos dettes<\/li>\n<li data-start=\"751\" data-end=\"1144\">Financer les \u00e9tudes postsecondaires de vos enfants<\/li>\n<li data-start=\"751\" data-end=\"1144\">Optimiser votre fiscalit\u00e9<\/li>\n<li data-start=\"751\" data-end=\"1144\">L\u00e9guer un patrimoine \u00e0 vos h\u00e9ritiers<\/li>\n<li data-start=\"751\" data-end=\"1144\">Prot\u00e9ger votre entreprise et ses dirigeants<\/li>\n<li data-start=\"751\" data-end=\"1144\">Offrir des avantages sociaux comp\u00e9titifs \u00e0 vos employ\u00e9s<\/li>\n<\/ul>\n<p>[\/et_pb_text][\/et_pb_column][\/et_pb_row][et_pb_row _builder_version=\u00a0\u00bb4.27.4&Prime; _module_preset=\u00a0\u00bbdefault\u00a0\u00bb global_colors_info=\u00a0\u00bb{}\u00a0\u00bb][et_pb_column type=\u00a0\u00bb4_4&Prime; _builder_version=\u00a0\u00bb4.27.4&Prime; _module_preset=\u00a0\u00bbdefault\u00a0\u00bb global_colors_info=\u00a0\u00bb{}\u00a0\u00bb][\/et_pb_column][\/et_pb_row][et_pb_row column_structure=\u00a0\u00bb1_5,3_5,1_5&Prime; _builder_version=\u00a0\u00bb4.27.4&Prime; _module_preset=\u00a0\u00bbdefault\u00a0\u00bb global_colors_info=\u00a0\u00bb{}\u00a0\u00bb][et_pb_column type=\u00a0\u00bb1_5&Prime; _builder_version=\u00a0\u00bb4.27.4&Prime; _module_preset=\u00a0\u00bbdefault\u00a0\u00bb global_colors_info=\u00a0\u00bb{}\u00a0\u00bb][et_pb_image src=\u00a0\u00bbhttps:\/\/sfnadal.ca\/wp-content\/uploads\/2025\/10\/Processus-de-planification-de-la-securite-financiere.png\u00a0\u00bb title_text=\u00a0\u00bbProcessus de planification de la se\u0301curite\u0301 financie\u0300re\u00a0\u00bb _builder_version=\u00a0\u00bb4.27.4&Prime; _module_preset=\u00a0\u00bbdefault\u00a0\u00bb animation_style=\u00a0\u00bbslide\u00a0\u00bb hover_enabled=\u00a0\u00bb0&Prime; global_colors_info=\u00a0\u00bb{}\u00a0\u00bb sticky_enabled=\u00a0\u00bb0&Prime;][\/et_pb_image][\/et_pb_column][et_pb_column type=\u00a0\u00bb3_5&Prime; _builder_version=\u00a0\u00bb4.27.4&Prime; _module_preset=\u00a0\u00bbdefault\u00a0\u00bb global_colors_info=\u00a0\u00bb{}\u00a0\u00bb][\/et_pb_column][et_pb_column type=\u00a0\u00bb1_5&Prime; _builder_version=\u00a0\u00bb4.27.4&Prime; _module_preset=\u00a0\u00bbdefault\u00a0\u00bb global_colors_info=\u00a0\u00bb{}\u00a0\u00bb][\/et_pb_column][\/et_pb_row][et_pb_row _builder_version=\u00a0\u00bb4.27.4&Prime; _module_preset=\u00a0\u00bbdefault\u00a0\u00bb global_colors_info=\u00a0\u00bb{}\u00a0\u00bb][et_pb_column type=\u00a0\u00bb4_4&Prime; _builder_version=\u00a0\u00bb4.27.4&Prime; _module_preset=\u00a0\u00bbdefault\u00a0\u00bb global_colors_info=\u00a0\u00bb{}\u00a0\u00bb][et_pb_heading title=\u00a0\u00bbProcessus de planification de la s\u00e9curit\u00e9 financi\u00e8re\u00a0\u00bb _builder_version=\u00a0\u00bb4.27.4&Prime; _module_preset=\u00a0\u00bbdefault\u00a0\u00bb title_level=\u00a0\u00bbh2&Prime; title_font=\u00a0\u00bb&#8211;et_global_heading_font|600|||||||\u00a0\u00bb title_text_color=\u00a0\u00bb#084f82&Prime; title_font_size=\u00a0\u00bb35px\u00a0\u00bb title_letter_spacing=\u00a0\u00bb1px\u00a0\u00bb title_line_height=\u00a0\u00bb1.5em\u00a0\u00bb animation_style=\u00a0\u00bbslide\u00a0\u00bb animation_direction=\u00a0\u00bbleft\u00a0\u00bb hover_enabled=\u00a0\u00bb0&Prime; global_colors_info=\u00a0\u00bb{}\u00a0\u00bb sticky_enabled=\u00a0\u00bb0&Prime;][\/et_pb_heading][\/et_pb_column][\/et_pb_row][et_pb_row column_structure=\u00a0\u00bb1_2,1_2&Prime; _builder_version=\u00a0\u00bb4.27.4&Prime; _module_preset=\u00a0\u00bbdefault\u00a0\u00bb global_colors_info=\u00a0\u00bb{}\u00a0\u00bb][et_pb_column type=\u00a0\u00bb1_2&Prime; _builder_version=\u00a0\u00bb4.27.4&Prime; _module_preset=\u00a0\u00bbdefault\u00a0\u00bb global_colors_info=\u00a0\u00bb{}\u00a0\u00bb][et_pb_text _builder_version=\u00a0\u00bb4.27.4&Prime; _module_preset=\u00a0\u00bbdefault\u00a0\u00bb text_font=\u00a0\u00bb&#8211;et_global_body_font||||||||\u00a0\u00bb text_font_size=\u00a0\u00bb15px\u00a0\u00bb text_letter_spacing=\u00a0\u00bb1px\u00a0\u00bb text_line_height=\u00a0\u00bb1.5em\u00a0\u00bb header_4_font=\u00a0\u00bb&#8211;et_global_heading_font|600|||||||\u00a0\u00bb global_colors_info=\u00a0\u00bb{}\u00a0\u00bb]<\/p>\n<h4 data-start=\"132\" data-end=\"194\">Notre processus de planification de la s\u00e9curit\u00e9 financi\u00e8re<\/h4>\n<p data-start=\"196\" data-end=\"493\">Pour b\u00e2tir un programme de s\u00e9curit\u00e9 financi\u00e8re durable, nous misons sur un processus \u00e9prouv\u00e9 fond\u00e9 sur <strong data-start=\"299\" data-end=\"328\">quatre piliers essentiels<\/strong> :<\/p>\n<ul>\n<li data-start=\"196\" data-end=\"493\">La s\u00e9curit\u00e9 financi\u00e8re au d\u00e9c\u00e8s<\/li>\n<li data-start=\"196\" data-end=\"493\">La planification de la retraite<\/li>\n<li data-start=\"196\" data-end=\"493\">Les liquidit\u00e9s disponibles<\/li>\n<li data-start=\"196\" data-end=\"493\">La protection en cas d\u2019invalidit\u00e9 ou de maladie grave<\/li>\n<\/ul>\n<p data-start=\"495\" data-end=\"702\">Ensemble, nous examinons votre situation dans une perspective globale : besoins en assurance, retraite, projets majeurs, financement des \u00e9tudes\u2026 et explorons les solutions les mieux adapt\u00e9es \u00e0 votre r\u00e9alit\u00e9.<\/p>\n<p>[\/et_pb_text][\/et_pb_column][et_pb_column type=\u00a0\u00bb1_2&Prime; _builder_version=\u00a0\u00bb4.27.4&Prime; _module_preset=\u00a0\u00bbdefault\u00a0\u00bb global_colors_info=\u00a0\u00bb{}\u00a0\u00bb][et_pb_text _builder_version=\u00a0\u00bb4.27.4&Prime; _module_preset=\u00a0\u00bbdefault\u00a0\u00bb text_font=\u00a0\u00bb&#8211;et_global_body_font||||||||\u00a0\u00bb text_font_size=\u00a0\u00bb15px\u00a0\u00bb text_letter_spacing=\u00a0\u00bb1px\u00a0\u00bb text_line_height=\u00a0\u00bb1.4em\u00a0\u00bb global_colors_info=\u00a0\u00bb{}\u00a0\u00bb]<\/p>\n<p data-start=\"704\" data-end=\"777\">Notre approche personnalis\u00e9e, centr\u00e9e sur vos objectifs, vous permet de :<\/p>\n<ul data-start=\"779\" data-end=\"1158\">\n<li data-start=\"779\" data-end=\"883\">\n<p data-start=\"781\" data-end=\"883\"><strong data-start=\"781\" data-end=\"807\">Clarifier votre vision<\/strong> de la s\u00e9curit\u00e9 financi\u00e8re en identifiant vos besoins et priorit\u00e9s actuels<\/p>\n<\/li>\n<li data-start=\"884\" data-end=\"969\">\n<p data-start=\"886\" data-end=\"969\"><strong data-start=\"886\" data-end=\"912\">D\u00e9tecter les obstacles<\/strong> qui pourraient freiner la r\u00e9alisation de vos objectifs<\/p>\n<\/li>\n<li data-start=\"970\" data-end=\"1053\">\n<p data-start=\"972\" data-end=\"1053\"><strong data-start=\"972\" data-end=\"1000\">Analyser votre situation<\/strong> et combler les \u00e9carts avec un programme sur mesure<\/p>\n<\/li>\n<li data-start=\"1054\" data-end=\"1158\">\n<p data-start=\"1056\" data-end=\"1158\"><strong data-start=\"1056\" data-end=\"1085\">Assurer un suivi r\u00e9gulier<\/strong> pour adapter votre plan \u00e0 l\u2019\u00e9volution de votre vie et de vos ambitions<\/p>\n<\/li>\n<\/ul>\n<p data-start=\"1160\" data-end=\"1314\"><strong data-start=\"1160\" data-end=\"1201\">Communiquez avec nous d\u00e8s aujourd\u2019hui<\/strong> pour d\u00e9couvrir comment ce processus structur\u00e9 peut vous aider \u00e0 b\u00e2tir un avenir financier solide, \u00e0 votre image.<\/p>\n<p>[\/et_pb_text][\/et_pb_column][\/et_pb_row][\/et_pb_section][et_pb_section fb_built=\u00a0\u00bb1&Prime; admin_label=\u00a0\u00bbCall to Action\u00a0\u00bb _builder_version=\u00a0\u00bb4.27.4&Prime; background_color=\u00a0\u00bb#084f82&Prime; custom_padding=\u00a0\u00bb40px||23px||false|false\u00a0\u00bb locked=\u00a0\u00bboff\u00a0\u00bb global_colors_info=\u00a0\u00bb{}\u00a0\u00bb theme_builder_area=\u00a0\u00bbpost_content\u00a0\u00bb][et_pb_row column_structure=\u00a0\u00bb1_3,1_3,1_3&Prime; _builder_version=\u00a0\u00bb4.27.4&Prime; _module_preset=\u00a0\u00bbdefault\u00a0\u00bb global_colors_info=\u00a0\u00bb{}\u00a0\u00bb theme_builder_area=\u00a0\u00bbpost_content\u00a0\u00bb][et_pb_column type=\u00a0\u00bb1_3&Prime; _builder_version=\u00a0\u00bb4.27.4&Prime; _module_preset=\u00a0\u00bbdefault\u00a0\u00bb global_colors_info=\u00a0\u00bb{}\u00a0\u00bb theme_builder_area=\u00a0\u00bbpost_content\u00a0\u00bb][\/et_pb_column][et_pb_column type=\u00a0\u00bb1_3&Prime; _builder_version=\u00a0\u00bb4.27.4&Prime; _module_preset=\u00a0\u00bbdefault\u00a0\u00bb global_colors_info=\u00a0\u00bb{}\u00a0\u00bb theme_builder_area=\u00a0\u00bbpost_content\u00a0\u00bb][et_pb_image src=\u00a0\u00bbhttps:\/\/sfnadal.ca\/wp-content\/uploads\/2025\/10\/CONTACTEZ-NOUS.png\u00a0\u00bb title_text=\u00a0\u00bbCONTACTEZ-NOUS\u00a0\u00bb _builder_version=\u00a0\u00bb4.27.4&Prime; _module_preset=\u00a0\u00bbdefault\u00a0\u00bb width=\u00a0\u00bb33%\u00a0\u00bb max_width=\u00a0\u00bb77%\u00a0\u00bb module_alignment=\u00a0\u00bbcenter\u00a0\u00bb global_colors_info=\u00a0\u00bb{}\u00a0\u00bb theme_builder_area=\u00a0\u00bbpost_content\u00a0\u00bb][\/et_pb_image][\/et_pb_column][et_pb_column type=\u00a0\u00bb1_3&Prime; _builder_version=\u00a0\u00bb4.27.4&Prime; _module_preset=\u00a0\u00bbdefault\u00a0\u00bb global_colors_info=\u00a0\u00bb{}\u00a0\u00bb theme_builder_area=\u00a0\u00bbpost_content\u00a0\u00bb][\/et_pb_column][\/et_pb_row][et_pb_row admin_label=\u00a0\u00bbContent Area\u00a0\u00bb _builder_version=\u00a0\u00bb4.16&Prime; global_colors_info=\u00a0\u00bb{}\u00a0\u00bb theme_builder_area=\u00a0\u00bbpost_content\u00a0\u00bb][et_pb_column type=\u00a0\u00bb4_4&Prime; _builder_version=\u00a0\u00bb4.16&Prime; custom_padding=\u00a0\u00bb|||\u00a0\u00bb global_colors_info=\u00a0\u00bb{}\u00a0\u00bb custom_padding__hover=\u00a0\u00bb|||\u00a0\u00bb theme_builder_area=\u00a0\u00bbpost_content\u00a0\u00bb][et_pb_text _builder_version=\u00a0\u00bb4.16&Prime; text_font=\u00a0\u00bbMontserrat||||||||\u00a0\u00bb header_font=\u00a0\u00bb||||||||\u00a0\u00bb header_2_font=\u00a0\u00bbMontserrat|300|||||||\u00a0\u00bb header_2_text_align=\u00a0\u00bbcenter\u00a0\u00bb header_2_font_size=\u00a0\u00bb50px\u00a0\u00bb header_2_line_height=\u00a0\u00bb1.4em\u00a0\u00bb text_orientation=\u00a0\u00bbcenter\u00a0\u00bb background_layout=\u00a0\u00bbdark\u00a0\u00bb header_2_font_size_tablet=\u00a0\u00bb\u00a0\u00bb header_2_font_size_phone=\u00a0\u00bb30px\u00a0\u00bb header_2_font_size_last_edited=\u00a0\u00bbon|phone\u00a0\u00bb header_2_line_height_tablet=\u00a0\u00bb1.4em\u00a0\u00bb header_2_line_height_phone=\u00a0\u00bb\u00a0\u00bb header_2_line_height_last_edited=\u00a0\u00bbon|desktop\u00a0\u00bb global_colors_info=\u00a0\u00bb{}\u00a0\u00bb theme_builder_area=\u00a0\u00bbpost_content\u00a0\u00bb]<\/p>\n<h2>Contactez-nous !<\/h2>\n<p>[\/et_pb_text][\/et_pb_column][\/et_pb_row][et_pb_row column_structure=\u00a0\u00bb1_3,1_3,1_3&Prime; admin_label=\u00a0\u00bbContent Area\u00a0\u00bb _builder_version=\u00a0\u00bb4.16&Prime; global_colors_info=\u00a0\u00bb{}\u00a0\u00bb theme_builder_area=\u00a0\u00bbpost_content\u00a0\u00bb][et_pb_column type=\u00a0\u00bb1_3&Prime; _builder_version=\u00a0\u00bb4.16&Prime; custom_padding=\u00a0\u00bb|||\u00a0\u00bb global_colors_info=\u00a0\u00bb{}\u00a0\u00bb custom_padding__hover=\u00a0\u00bb|||\u00a0\u00bb theme_builder_area=\u00a0\u00bbpost_content\u00a0\u00bb][et_pb_blurb title=\u00a0\u00bb450 583-6208&Prime; use_icon=\u00a0\u00bbon\u00a0\u00bb font_icon=\u00a0\u00bb&#xe090;||divi||400&Prime; image_icon_background_color=\u00a0\u00bb#ffffff\u00a0\u00bb icon_placement=\u00a0\u00bbleft\u00a0\u00bb image_icon_width=\u00a0\u00bb16px\u00a0\u00bb _builder_version=\u00a0\u00bb4.27.4&Prime; header_font=\u00a0\u00bbMontserrat||||||||\u00a0\u00bb header_text_color=\u00a0\u00bb#ffffff\u00a0\u00bb header_font_size=\u00a0\u00bb20px\u00a0\u00bb header_line_height=\u00a0\u00bb1.7em\u00a0\u00bb image_icon_custom_padding=\u00a0\u00bb8px|8px|8px|8px|false|false\u00a0\u00bb border_radii_image=\u00a0\u00bbon|100%|100%|100%|100%\u00a0\u00bb icon_font_size=\u00a0\u00bb16px\u00a0\u00bb use_circle=\u00a0\u00bbon\u00a0\u00bb circle_color=\u00a0\u00bb#ffffff\u00a0\u00bb global_colors_info=\u00a0\u00bb{}\u00a0\u00bb image_icon_background_color__sticky_enabled=\u00a0\u00bb#084f82&Prime; image_icon_background_color__sticky=\u00a0\u00bb#084f82&Prime; theme_builder_area=\u00a0\u00bbpost_content\u00a0\u00bb][\/et_pb_blurb][\/et_pb_column][et_pb_column type=\u00a0\u00bb1_3&Prime; _builder_version=\u00a0\u00bb4.16&Prime; custom_padding=\u00a0\u00bb|||\u00a0\u00bb global_colors_info=\u00a0\u00bb{}\u00a0\u00bb custom_padding__hover=\u00a0\u00bb|||\u00a0\u00bb theme_builder_area=\u00a0\u00bbpost_content\u00a0\u00bb][et_pb_blurb title=\u00a0\u00bbgauthier.nadia@sfnadal.com ***\u00a0\u00bb use_icon=\u00a0\u00bbon\u00a0\u00bb font_icon=\u00a0\u00bb&#xe076;||divi||400&Prime; image_icon_background_color=\u00a0\u00bb#ffffff\u00a0\u00bb icon_placement=\u00a0\u00bbleft\u00a0\u00bb image_icon_width=\u00a0\u00bb16px\u00a0\u00bb _builder_version=\u00a0\u00bb4.27.4&Prime; header_font=\u00a0\u00bbMontserrat||||||||\u00a0\u00bb header_text_color=\u00a0\u00bb#ffffff\u00a0\u00bb header_font_size=\u00a0\u00bb20px\u00a0\u00bb header_line_height=\u00a0\u00bb1.7em\u00a0\u00bb image_icon_custom_padding=\u00a0\u00bb8px|8px|8px|8px|false|false\u00a0\u00bb border_radii_image=\u00a0\u00bbon|100%|100%|100%|100%\u00a0\u00bb icon_font_size=\u00a0\u00bb16px\u00a0\u00bb use_circle=\u00a0\u00bbon\u00a0\u00bb circle_color=\u00a0\u00bb#ffffff\u00a0\u00bb locked=\u00a0\u00bboff\u00a0\u00bb global_colors_info=\u00a0\u00bb{}\u00a0\u00bb image_icon_background_color__sticky_enabled=\u00a0\u00bb#084f82&Prime; image_icon_background_color__sticky=\u00a0\u00bb#084f82&Prime; theme_builder_area=\u00a0\u00bbpost_content\u00a0\u00bb][\/et_pb_blurb][\/et_pb_column][et_pb_column type=\u00a0\u00bb1_3&Prime; _builder_version=\u00a0\u00bb4.16&Prime; custom_padding=\u00a0\u00bb|||\u00a0\u00bb global_colors_info=\u00a0\u00bb{}\u00a0\u00bb custom_padding__hover=\u00a0\u00bb|||\u00a0\u00bb theme_builder_area=\u00a0\u00bbpost_content\u00a0\u00bb][et_pb_blurb title=\u00a0\u00bb10, rue Dansereau Verch\u00e8res (Qc) J0L 2R0&Prime; use_icon=\u00a0\u00bbon\u00a0\u00bb font_icon=\u00a0\u00bb&#xe081;||divi||400&Prime; icon_color=\u00a0\u00bb#2f8cff\u00a0\u00bb image_icon_background_color=\u00a0\u00bb#ffffff\u00a0\u00bb icon_placement=\u00a0\u00bbleft\u00a0\u00bb image_icon_width=\u00a0\u00bb16px\u00a0\u00bb _builder_version=\u00a0\u00bb4.16&Prime; header_font=\u00a0\u00bbMontserrat||||||||\u00a0\u00bb header_text_color=\u00a0\u00bb#ffffff\u00a0\u00bb header_font_size=\u00a0\u00bb20px\u00a0\u00bb header_line_height=\u00a0\u00bb1.7em\u00a0\u00bb image_icon_custom_padding=\u00a0\u00bb8px|8px|8px|8px|false|false\u00a0\u00bb border_radii_image=\u00a0\u00bbon|100%|100%|100%|100%\u00a0\u00bb icon_font_size=\u00a0\u00bb16px\u00a0\u00bb use_circle=\u00a0\u00bbon\u00a0\u00bb circle_color=\u00a0\u00bb#ffffff\u00a0\u00bb locked=\u00a0\u00bboff\u00a0\u00bb global_colors_info=\u00a0\u00bb{}\u00a0\u00bb image_icon_background_color__sticky_enabled=\u00a0\u00bb#084f82&Prime; image_icon_background_color__sticky=\u00a0\u00bb#084f82&Prime; theme_builder_area=\u00a0\u00bbpost_content\u00a0\u00bb][\/et_pb_blurb][\/et_pb_column][\/et_pb_row][et_pb_row _builder_version=\u00a0\u00bb4.27.4&Prime; _module_preset=\u00a0\u00bbdefault\u00a0\u00bb global_colors_info=\u00a0\u00bb{}\u00a0\u00bb theme_builder_area=\u00a0\u00bbpost_content\u00a0\u00bb][et_pb_column type=\u00a0\u00bb4_4&Prime; _builder_version=\u00a0\u00bb4.27.4&Prime; _module_preset=\u00a0\u00bbdefault\u00a0\u00bb global_colors_info=\u00a0\u00bb{}\u00a0\u00bb theme_builder_area=\u00a0\u00bbpost_content\u00a0\u00bb][et_pb_text _builder_version=\u00a0\u00bb4.27.4&Prime; _module_preset=\u00a0\u00bbdefault\u00a0\u00bb text_font=\u00a0\u00bb&#8211;et_global_body_font||||||||\u00a0\u00bb text_text_color=\u00a0\u00bb#FFFFFF\u00a0\u00bb text_letter_spacing=\u00a0\u00bb1px\u00a0\u00bb text_line_height=\u00a0\u00bb1.5em\u00a0\u00bb text_orientation=\u00a0\u00bbcenter\u00a0\u00bb global_colors_info=\u00a0\u00bb{}\u00a0\u00bb theme_builder_area=\u00a0\u00bbpost_content\u00a0\u00bb]<\/p>\n<p><span>*** L&rsquo;usage du courrier \u00e9lectronique ne constitue pas un moyen s\u00fbr de transmettre des donn\u00e9es. <br \/>Par cons\u00e9quent, les renseignements personnels devraient \u00eatre transmis de fa\u00e7on plus s\u00fbre.<\/span><\/p>\n<p>[\/et_pb_text][\/et_pb_column][\/et_pb_row][\/et_pb_section]<\/p>\n","protected":false},"excerpt":{"rendered":"<p>Planification et ProcessusPlanifier votre s\u00e9curit\u00e9 financi\u00e8re, ce n\u2019est pas seulement pr\u00e9parer la retraite. C\u2019est aussi prot\u00e9ger ce qui compte pour vous aujourd\u2019hui et poser les bases pour r\u00e9aliser vos objectifs \u00e0 court, moyen et long terme. Nous vous accompagnons dans la cr\u00e9ation d\u2019un programme de s\u00e9curit\u00e9 financi\u00e8re adapt\u00e9 \u00e0 votre r\u00e9alit\u00e9, qui allie souplesse, performance [&hellip;]<\/p>\n","protected":false},"author":1,"featured_media":0,"parent":0,"menu_order":0,"comment_status":"closed","ping_status":"closed","template":"","meta":{"_et_pb_use_builder":"on","_et_pb_old_content":"","_et_gb_content_width":"","footnotes":""},"class_list":["post-204","page","type-page","status-publish","hentry"],"yoast_head":"<!-- This site is optimized with the Yoast SEO plugin v27.5 - https:\/\/yoast.com\/product\/yoast-seo-wordpress\/ -->\n<title>PLANIFICATION ET PROCESSUS - Services financiers Nadal<\/title>\n<meta name=\"robots\" content=\"index, follow, max-snippet:-1, max-image-preview:large, max-video-preview:-1\" \/>\n<link rel=\"canonical\" href=\"https:\/\/sfnadal.ca\/?page_id=204\" \/>\n<meta property=\"og:locale\" content=\"fr_CA\" \/>\n<meta property=\"og:type\" content=\"article\" \/>\n<meta property=\"og:title\" content=\"PLANIFICATION ET PROCESSUS - Services financiers Nadal\" \/>\n<meta property=\"og:description\" content=\"Planification et ProcessusPlanifier votre s\u00e9curit\u00e9 financi\u00e8re, ce n\u2019est pas seulement pr\u00e9parer la retraite. C\u2019est aussi prot\u00e9ger ce qui compte pour vous aujourd\u2019hui et poser les bases pour r\u00e9aliser vos objectifs \u00e0 court, moyen et long terme. Nous vous accompagnons dans la cr\u00e9ation d\u2019un programme de s\u00e9curit\u00e9 financi\u00e8re adapt\u00e9 \u00e0 votre r\u00e9alit\u00e9, qui allie souplesse, performance [&hellip;]\" \/>\n<meta property=\"og:url\" content=\"https:\/\/sfnadal.ca\/?page_id=204\" \/>\n<meta property=\"og:site_name\" content=\"Services financiers Nadal\" \/>\n<meta property=\"article:modified_time\" content=\"2025-10-30T01:00:57+00:00\" \/>\n<meta name=\"twitter:card\" content=\"summary_large_image\" \/>\n<script type=\"application\/ld+json\" class=\"yoast-schema-graph\">{\"@context\":\"https:\\\/\\\/schema.org\",\"@graph\":[{\"@type\":\"WebPage\",\"@id\":\"https:\\\/\\\/sfnadal.ca\\\/?page_id=204\",\"url\":\"https:\\\/\\\/sfnadal.ca\\\/?page_id=204\",\"name\":\"PLANIFICATION ET PROCESSUS - Services financiers Nadal\",\"isPartOf\":{\"@id\":\"https:\\\/\\\/sfnadal.ca\\\/#website\"},\"datePublished\":\"2025-10-29T17:50:30+00:00\",\"dateModified\":\"2025-10-30T01:00:57+00:00\",\"breadcrumb\":{\"@id\":\"https:\\\/\\\/sfnadal.ca\\\/?page_id=204#breadcrumb\"},\"inLanguage\":\"fr-CA\",\"potentialAction\":[{\"@type\":\"ReadAction\",\"target\":[\"https:\\\/\\\/sfnadal.ca\\\/?page_id=204\"]}]},{\"@type\":\"BreadcrumbList\",\"@id\":\"https:\\\/\\\/sfnadal.ca\\\/?page_id=204#breadcrumb\",\"itemListElement\":[{\"@type\":\"ListItem\",\"position\":1,\"name\":\"Accueil\",\"item\":\"https:\\\/\\\/sfnadal.ca\\\/\"},{\"@type\":\"ListItem\",\"position\":2,\"name\":\"PLANIFICATION ET PROCESSUS\"}]},{\"@type\":\"WebSite\",\"@id\":\"https:\\\/\\\/sfnadal.ca\\\/#website\",\"url\":\"https:\\\/\\\/sfnadal.ca\\\/\",\"name\":\"Services financiers Nadal\",\"description\":\"\",\"publisher\":{\"@id\":\"https:\\\/\\\/sfnadal.ca\\\/#organization\"},\"potentialAction\":[{\"@type\":\"SearchAction\",\"target\":{\"@type\":\"EntryPoint\",\"urlTemplate\":\"https:\\\/\\\/sfnadal.ca\\\/?s={search_term_string}\"},\"query-input\":{\"@type\":\"PropertyValueSpecification\",\"valueRequired\":true,\"valueName\":\"search_term_string\"}}],\"inLanguage\":\"fr-CA\"},{\"@type\":\"Organization\",\"@id\":\"https:\\\/\\\/sfnadal.ca\\\/#organization\",\"name\":\"Services financiers Nadal\",\"url\":\"https:\\\/\\\/sfnadal.ca\\\/\",\"logo\":{\"@type\":\"ImageObject\",\"inLanguage\":\"fr-CA\",\"@id\":\"https:\\\/\\\/sfnadal.ca\\\/#\\\/schema\\\/logo\\\/image\\\/\",\"url\":\"https:\\\/\\\/sfnadal.ca\\\/wp-content\\\/uploads\\\/2025\\\/05\\\/Capture-decran-le-2025-05-04-a-11.40.02.png\",\"contentUrl\":\"https:\\\/\\\/sfnadal.ca\\\/wp-content\\\/uploads\\\/2025\\\/05\\\/Capture-decran-le-2025-05-04-a-11.40.02.png\",\"width\":1136,\"height\":208,\"caption\":\"Services financiers Nadal\"},\"image\":{\"@id\":\"https:\\\/\\\/sfnadal.ca\\\/#\\\/schema\\\/logo\\\/image\\\/\"}}]}<\/script>\n<!-- \/ Yoast SEO plugin. -->","yoast_head_json":{"title":"PLANIFICATION ET PROCESSUS - Services financiers Nadal","robots":{"index":"index","follow":"follow","max-snippet":"max-snippet:-1","max-image-preview":"max-image-preview:large","max-video-preview":"max-video-preview:-1"},"canonical":"https:\/\/sfnadal.ca\/?page_id=204","og_locale":"fr_CA","og_type":"article","og_title":"PLANIFICATION ET PROCESSUS - Services financiers Nadal","og_description":"Planification et ProcessusPlanifier votre s\u00e9curit\u00e9 financi\u00e8re, ce n\u2019est pas seulement pr\u00e9parer la retraite. C\u2019est aussi prot\u00e9ger ce qui compte pour vous aujourd\u2019hui et poser les bases pour r\u00e9aliser vos objectifs \u00e0 court, moyen et long terme. Nous vous accompagnons dans la cr\u00e9ation d\u2019un programme de s\u00e9curit\u00e9 financi\u00e8re adapt\u00e9 \u00e0 votre r\u00e9alit\u00e9, qui allie souplesse, performance [&hellip;]","og_url":"https:\/\/sfnadal.ca\/?page_id=204","og_site_name":"Services financiers Nadal","article_modified_time":"2025-10-30T01:00:57+00:00","twitter_card":"summary_large_image","schema":{"@context":"https:\/\/schema.org","@graph":[{"@type":"WebPage","@id":"https:\/\/sfnadal.ca\/?page_id=204","url":"https:\/\/sfnadal.ca\/?page_id=204","name":"PLANIFICATION ET PROCESSUS - Services financiers Nadal","isPartOf":{"@id":"https:\/\/sfnadal.ca\/#website"},"datePublished":"2025-10-29T17:50:30+00:00","dateModified":"2025-10-30T01:00:57+00:00","breadcrumb":{"@id":"https:\/\/sfnadal.ca\/?page_id=204#breadcrumb"},"inLanguage":"fr-CA","potentialAction":[{"@type":"ReadAction","target":["https:\/\/sfnadal.ca\/?page_id=204"]}]},{"@type":"BreadcrumbList","@id":"https:\/\/sfnadal.ca\/?page_id=204#breadcrumb","itemListElement":[{"@type":"ListItem","position":1,"name":"Accueil","item":"https:\/\/sfnadal.ca\/"},{"@type":"ListItem","position":2,"name":"PLANIFICATION ET PROCESSUS"}]},{"@type":"WebSite","@id":"https:\/\/sfnadal.ca\/#website","url":"https:\/\/sfnadal.ca\/","name":"Services financiers Nadal","description":"","publisher":{"@id":"https:\/\/sfnadal.ca\/#organization"},"potentialAction":[{"@type":"SearchAction","target":{"@type":"EntryPoint","urlTemplate":"https:\/\/sfnadal.ca\/?s={search_term_string}"},"query-input":{"@type":"PropertyValueSpecification","valueRequired":true,"valueName":"search_term_string"}}],"inLanguage":"fr-CA"},{"@type":"Organization","@id":"https:\/\/sfnadal.ca\/#organization","name":"Services financiers Nadal","url":"https:\/\/sfnadal.ca\/","logo":{"@type":"ImageObject","inLanguage":"fr-CA","@id":"https:\/\/sfnadal.ca\/#\/schema\/logo\/image\/","url":"https:\/\/sfnadal.ca\/wp-content\/uploads\/2025\/05\/Capture-decran-le-2025-05-04-a-11.40.02.png","contentUrl":"https:\/\/sfnadal.ca\/wp-content\/uploads\/2025\/05\/Capture-decran-le-2025-05-04-a-11.40.02.png","width":1136,"height":208,"caption":"Services financiers Nadal"},"image":{"@id":"https:\/\/sfnadal.ca\/#\/schema\/logo\/image\/"}}]}},"_links":{"self":[{"href":"https:\/\/sfnadal.ca\/index.php?rest_route=\/wp\/v2\/pages\/204","targetHints":{"allow":["GET"]}}],"collection":[{"href":"https:\/\/sfnadal.ca\/index.php?rest_route=\/wp\/v2\/pages"}],"about":[{"href":"https:\/\/sfnadal.ca\/index.php?rest_route=\/wp\/v2\/types\/page"}],"author":[{"embeddable":true,"href":"https:\/\/sfnadal.ca\/index.php?rest_route=\/wp\/v2\/users\/1"}],"replies":[{"embeddable":true,"href":"https:\/\/sfnadal.ca\/index.php?rest_route=%2Fwp%2Fv2%2Fcomments&post=204"}],"version-history":[{"count":10,"href":"https:\/\/sfnadal.ca\/index.php?rest_route=\/wp\/v2\/pages\/204\/revisions"}],"predecessor-version":[{"id":366,"href":"https:\/\/sfnadal.ca\/index.php?rest_route=\/wp\/v2\/pages\/204\/revisions\/366"}],"wp:attachment":[{"href":"https:\/\/sfnadal.ca\/index.php?rest_route=%2Fwp%2Fv2%2Fmedia&parent=204"}],"curies":[{"name":"wp","href":"https:\/\/api.w.org\/{rel}","templated":true}]}}