{"id":21,"date":"2025-03-06T18:27:18","date_gmt":"2025-03-06T18:27:18","guid":{"rendered":"https:\/\/sfnadal.ca\/?page_id=21"},"modified":"2025-10-30T01:03:08","modified_gmt":"2025-10-30T01:03:08","slug":"solutions-de-produits","status":"publish","type":"page","link":"https:\/\/sfnadal.ca\/?page_id=21","title":{"rendered":"PRODUITS ET SERVICES"},"content":{"rendered":"<p>[et_pb_section fb_built=\u00a0\u00bb1&Prime; admin_label=\u00a0\u00bbHero\u00a0\u00bb _builder_version=\u00a0\u00bb4.27.4&Prime; background_color=\u00a0\u00bb#edf3f5&Prime; custom_padding=\u00a0\u00bb0|0px|0px|0px|false|false\u00a0\u00bb bottom_divider_height=\u00a0\u00bb0px\u00a0\u00bb border_width_bottom=\u00a0\u00bb1px\u00a0\u00bb border_color_bottom=\u00a0\u00bb#efefef\u00a0\u00bb global_colors_info=\u00a0\u00bb{}\u00a0\u00bb][et_pb_row column_structure=\u00a0\u00bb1_2,1_2&Prime; _builder_version=\u00a0\u00bb4.27.4&Prime; width=\u00a0\u00bb100%\u00a0\u00bb max_width=\u00a0\u00bb100%\u00a0\u00bb custom_margin=\u00a0\u00bb||-82px||false|false\u00a0\u00bb custom_margin_tablet=\u00a0\u00bb||0px|\u00a0\u00bb custom_margin_phone=\u00a0\u00bb\u00a0\u00bb custom_margin_last_edited=\u00a0\u00bbon|desktop\u00a0\u00bb custom_padding=\u00a0\u00bb0|0px|0px|0px|false|false\u00a0\u00bb use_custom_width=\u00a0\u00bbon\u00a0\u00bb width_unit=\u00a0\u00bboff\u00a0\u00bb custom_width_percent=\u00a0\u00bb100%\u00a0\u00bb global_colors_info=\u00a0\u00bb{}\u00a0\u00bb][et_pb_column type=\u00a0\u00bb1_2&Prime; _builder_version=\u00a0\u00bb4.16&Prime; custom_padding=\u00a0\u00bb6%||6%|12%\u00a0\u00bb custom_padding_tablet=\u00a0\u00bb50px|50px|50px|50px\u00a0\u00bb custom_padding_phone=\u00a0\u00bb50px|50px|50px|50px\u00a0\u00bb custom_padding_last_edited=\u00a0\u00bbon|tablet\u00a0\u00bb global_colors_info=\u00a0\u00bb{}\u00a0\u00bb padding_tablet=\u00a0\u00bb50px|50px|50px|50px\u00a0\u00bb padding_last_edited=\u00a0\u00bbon|tablet\u00a0\u00bb custom_padding__hover=\u00a0\u00bb|||\u00a0\u00bb padding_phone=\u00a0\u00bb50px|50px|50px|50px\u00a0\u00bb][et_pb_image src=\u00a0\u00bbhttps:\/\/sfnadal.ca\/wp-content\/uploads\/2025\/10\/SOLUTIONS-DE-PRODUITS.png\u00a0\u00bb title_text=\u00a0\u00bbSOLUTIONS DE PRODUITS\u00a0\u00bb align_tablet=\u00a0\u00bbcenter\u00a0\u00bb align_phone=\u00a0\u00bbcenter\u00a0\u00bb align_last_edited=\u00a0\u00bbon|desktop\u00a0\u00bb _builder_version=\u00a0\u00bb4.27.4&Prime; custom_padding=\u00a0\u00bb|362px||||\u00a0\u00bb animation_style=\u00a0\u00bbslide\u00a0\u00bb global_colors_info=\u00a0\u00bb{}\u00a0\u00bb][\/et_pb_image][et_pb_text _builder_version=\u00a0\u00bb4.27.4&Prime; text_font=\u00a0\u00bbMontserrat|300|||||||\u00a0\u00bb text_text_color=\u00a0\u00bb#677a92&Prime; text_font_size=\u00a0\u00bb16px\u00a0\u00bb text_line_height=\u00a0\u00bb1.8em\u00a0\u00bb header_font=\u00a0\u00bbMontserrat||||||||\u00a0\u00bb header_text_color=\u00a0\u00bb#084f82&Prime; header_font_size=\u00a0\u00bb55px\u00a0\u00bb header_line_height=\u00a0\u00bb1.3em\u00a0\u00bb header_2_font=\u00a0\u00bb||||||||\u00a0\u00bb max_width=\u00a0\u00bb600px\u00a0\u00bb custom_margin=\u00a0\u00bb|||\u00a0\u00bb custom_margin_tablet=\u00a0\u00bb0px|50px||50px\u00a0\u00bb custom_margin_phone=\u00a0\u00bb|20px||\u00a0\u00bb custom_margin_last_edited=\u00a0\u00bboff|desktop\u00a0\u00bb custom_padding=\u00a0\u00bb|||\u00a0\u00bb hover_enabled=\u00a0\u00bb0&Prime; text_line_height_tablet=\u00a0\u00bb1.8em\u00a0\u00bb text_line_height_phone=\u00a0\u00bb1.8em\u00a0\u00bb text_line_height_last_edited=\u00a0\u00bbon|phone\u00a0\u00bb header_font_size_tablet=\u00a0\u00bb\u00a0\u00bb header_font_size_phone=\u00a0\u00bb36px\u00a0\u00bb header_font_size_last_edited=\u00a0\u00bbon|phone\u00a0\u00bb header_2_font_size_phone=\u00a0\u00bb30px\u00a0\u00bb header_2_font_size_last_edited=\u00a0\u00bboff|desktop\u00a0\u00bb locked=\u00a0\u00bboff\u00a0\u00bb global_colors_info=\u00a0\u00bb{}\u00a0\u00bb animation_style=\u00a0\u00bbslide\u00a0\u00bb animation_direction=\u00a0\u00bbleft\u00a0\u00bb sticky_enabled=\u00a0\u00bb0&Prime;]<\/p>\n<h1>Solutions de produits<\/h1>\n<p>[\/et_pb_text][et_pb_text _builder_version=\u00a0\u00bb4.27.4&Prime; text_font=\u00a0\u00bbMontserrat||||||||\u00a0\u00bb text_text_color=\u00a0\u00bb#084f82&Prime; text_font_size=\u00a0\u00bb15px\u00a0\u00bb text_letter_spacing=\u00a0\u00bb1px\u00a0\u00bb text_line_height=\u00a0\u00bb1.5em\u00a0\u00bb link_font=\u00a0\u00bb||||||||\u00a0\u00bb ul_font=\u00a0\u00bb||||||||\u00a0\u00bb ol_font=\u00a0\u00bb||||||||\u00a0\u00bb quote_font=\u00a0\u00bb||||||||\u00a0\u00bb header_font=\u00a0\u00bb||||||||\u00a0\u00bb header_2_font=\u00a0\u00bbMontserrat|300|||||||\u00a0\u00bb header_2_text_color=\u00a0\u00bb#212d3b\u00a0\u00bb header_2_font_size=\u00a0\u00bb40px\u00a0\u00bb header_2_line_height=\u00a0\u00bb1.5em\u00a0\u00bb max_width=\u00a0\u00bb600px\u00a0\u00bb custom_margin=\u00a0\u00bb||-44px|||\u00a0\u00bb custom_margin_tablet=\u00a0\u00bb0px|50px||50px\u00a0\u00bb custom_margin_last_edited=\u00a0\u00bboff|desktop\u00a0\u00bb custom_padding=\u00a0\u00bb||0px|||\u00a0\u00bb locked=\u00a0\u00bboff\u00a0\u00bb global_colors_info=\u00a0\u00bb{}\u00a0\u00bb]<\/p>\n<p data-start=\"133\" data-end=\"500\" style=\"text-align: justify;\">L\u2019univers des produits financiers peut rapidement devenir complexe. Entre les diff\u00e9rentes options d\u2019assurance, de placements et d\u2019\u00e9pargne, il est parfois difficile de savoir quelles solutions r\u00e9pondent r\u00e9ellement \u00e0 vos besoins actuels tout en anticipant ceux de demain. C\u2019est pourquoi l\u2019accompagnement d\u2019un conseiller en s\u00e9curit\u00e9 financi\u00e8re exp\u00e9riment\u00e9 est essentiel.<\/p>\n<p data-start=\"937\" data-end=\"1297\">[\/et_pb_text][\/et_pb_column][et_pb_column type=\u00a0\u00bb1_2&Prime; _builder_version=\u00a0\u00bb4.16&Prime; custom_padding=\u00a0\u00bb|||\u00a0\u00bb global_colors_info=\u00a0\u00bb{}\u00a0\u00bb custom_padding__hover=\u00a0\u00bb|||\u00a0\u00bb][et_pb_image src=\u00a0\u00bbhttps:\/\/sfnadal.ca\/wp-content\/uploads\/2025\/10\/happy-real-estate-agent-shaking-hands-with-couple-meeting-office-scaled.jpg\u00a0\u00bb title_text=\u00a0\u00bbRencontre Particuliers\u00a0\u00bb force_fullwidth=\u00a0\u00bbon\u00a0\u00bb align_tablet=\u00a0\u00bbcenter\u00a0\u00bb align_phone=\u00a0\u00bbcenter\u00a0\u00bb align_last_edited=\u00a0\u00bbon|desktop\u00a0\u00bb _builder_version=\u00a0\u00bb4.27.4&Prime; custom_margin=\u00a0\u00bb|||\u00a0\u00bb custom_padding=\u00a0\u00bb|||\u00a0\u00bb animation_style=\u00a0\u00bbslide\u00a0\u00bb animation_direction=\u00a0\u00bbright\u00a0\u00bb animation_intensity_slide=\u00a0\u00bb5%\u00a0\u00bb border_radii=\u00a0\u00bb||||30vw\u00a0\u00bb border_color_all=\u00a0\u00bb#084f82&Prime; border_width_left=\u00a0\u00bb0vw\u00a0\u00bb box_shadow_style=\u00a0\u00bbpreset1&Prime; box_shadow_horizontal=\u00a0\u00bb-15px\u00a0\u00bb box_shadow_vertical=\u00a0\u00bb5px\u00a0\u00bb box_shadow_color=\u00a0\u00bb#084f82&Prime; global_colors_info=\u00a0\u00bb{}\u00a0\u00bb][\/et_pb_image][\/et_pb_column][\/et_pb_row][et_pb_row _builder_version=\u00a0\u00bb4.27.4&Prime; _module_preset=\u00a0\u00bbdefault\u00a0\u00bb global_colors_info=\u00a0\u00bb{}\u00a0\u00bb][et_pb_column type=\u00a0\u00bb4_4&Prime; _builder_version=\u00a0\u00bb4.27.4&Prime; _module_preset=\u00a0\u00bbdefault\u00a0\u00bb global_colors_info=\u00a0\u00bb{}\u00a0\u00bb][et_pb_text _builder_version=\u00a0\u00bb4.27.4&Prime; _module_preset=\u00a0\u00bbdefault\u00a0\u00bb text_font=\u00a0\u00bb&#8211;et_global_body_font||||||||\u00a0\u00bb text_text_color=\u00a0\u00bb#084f82&Prime; text_font_size=\u00a0\u00bb15px\u00a0\u00bb text_letter_spacing=\u00a0\u00bb1px\u00a0\u00bb text_line_height=\u00a0\u00bb1.5em\u00a0\u00bb width=\u00a0\u00bb102.9%\u00a0\u00bb custom_margin=\u00a0\u00bb-33px|||-25px||\u00a0\u00bb global_colors_info=\u00a0\u00bb{}\u00a0\u00bb]<\/p>\n<p data-start=\"502\" data-end=\"935\" style=\"text-align: justify;\">Notre r\u00f4le est de vous guider pour faire des choix \u00e9clair\u00e9s et strat\u00e9giques quant aux produits qui composeront votre portefeuille. Que votre priorit\u00e9 soit de planifier une retraite confortable, d\u2019\u00e9pargner pour l\u2019achat d\u2019une maison, de financer les \u00e9tudes de vos enfants ou encore de prot\u00e9ger votre famille en cas de d\u00e9c\u00e8s, d\u2019invalidit\u00e9 ou de maladie grave, nous disposons d\u2019une gamme compl\u00e8te de produits fiables, souples et adapt\u00e9s.<\/p>\n<p data-start=\"937\" data-end=\"1297\" style=\"text-align: justify;\">Nous proposons \u00e9galement des solutions sp\u00e9cialement con\u00e7ues pour les petites et grandes entreprises, incluant des protections pour les dirigeants, des outils de planification successorale et des r\u00e9gimes d\u2019avantages sociaux. Chaque recommandation s\u2019inscrit dans une approche globale et personnalis\u00e9e, en fonction de vos objectifs et de votre r\u00e9alit\u00e9 financi\u00e8re.<\/p>\n<p>[\/et_pb_text][\/et_pb_column][\/et_pb_row][et_pb_row column_structure=\u00a0\u00bb1_5,3_5,1_5&Prime; _builder_version=\u00a0\u00bb4.27.4&Prime; _module_preset=\u00a0\u00bbdefault\u00a0\u00bb global_colors_info=\u00a0\u00bb{}\u00a0\u00bb][et_pb_column type=\u00a0\u00bb1_5&Prime; _builder_version=\u00a0\u00bb4.27.4&Prime; _module_preset=\u00a0\u00bbdefault\u00a0\u00bb global_colors_info=\u00a0\u00bb{}\u00a0\u00bb][et_pb_image src=\u00a0\u00bbhttps:\/\/sfnadal.ca\/wp-content\/uploads\/2025\/10\/SERVICES-AUX-PARTICULIERS.png\u00a0\u00bb title_text=\u00a0\u00bbSERVICES AUX PARTICULIERS\u00a0\u00bb _builder_version=\u00a0\u00bb4.27.4&Prime; _module_preset=\u00a0\u00bbdefault\u00a0\u00bb animation_style=\u00a0\u00bbslide\u00a0\u00bb global_colors_info=\u00a0\u00bb{}\u00a0\u00bb][\/et_pb_image][\/et_pb_column][et_pb_column type=\u00a0\u00bb3_5&Prime; _builder_version=\u00a0\u00bb4.27.4&Prime; _module_preset=\u00a0\u00bbdefault\u00a0\u00bb global_colors_info=\u00a0\u00bb{}\u00a0\u00bb][\/et_pb_column][et_pb_column type=\u00a0\u00bb1_5&Prime; _builder_version=\u00a0\u00bb4.27.4&Prime; _module_preset=\u00a0\u00bbdefault\u00a0\u00bb global_colors_info=\u00a0\u00bb{}\u00a0\u00bb][\/et_pb_column][\/et_pb_row][et_pb_row _builder_version=\u00a0\u00bb4.27.4&Prime; _module_preset=\u00a0\u00bbdefault\u00a0\u00bb global_colors_info=\u00a0\u00bb{}\u00a0\u00bb][et_pb_column type=\u00a0\u00bb4_4&Prime; _builder_version=\u00a0\u00bb4.27.4&Prime; _module_preset=\u00a0\u00bbdefault\u00a0\u00bb global_colors_info=\u00a0\u00bb{}\u00a0\u00bb][et_pb_heading title=\u00a0\u00bbServices aux particuliers\u00a0\u00bb _builder_version=\u00a0\u00bb4.27.4&Prime; _module_preset=\u00a0\u00bbdefault\u00a0\u00bb title_level=\u00a0\u00bbh2&Prime; title_font=\u00a0\u00bb&#8211;et_global_heading_font||||||||\u00a0\u00bb title_text_color=\u00a0\u00bb#084f82&Prime; title_font_size=\u00a0\u00bb40px\u00a0\u00bb animation_style=\u00a0\u00bbslide\u00a0\u00bb animation_direction=\u00a0\u00bbleft\u00a0\u00bb animation_intensity_slide=\u00a0\u00bb25%\u00a0\u00bb global_colors_info=\u00a0\u00bb{}\u00a0\u00bb][\/et_pb_heading][\/et_pb_column][\/et_pb_row][et_pb_row column_structure=\u00a0\u00bb2_5,3_5&Prime; _builder_version=\u00a0\u00bb4.27.4&Prime; _module_preset=\u00a0\u00bbdefault\u00a0\u00bb custom_padding=\u00a0\u00bb||0px|||\u00a0\u00bb global_colors_info=\u00a0\u00bb{}\u00a0\u00bb][et_pb_column type=\u00a0\u00bb2_5&Prime; _builder_version=\u00a0\u00bb4.27.4&Prime; _module_preset=\u00a0\u00bbdefault\u00a0\u00bb global_colors_info=\u00a0\u00bb{}\u00a0\u00bb][et_pb_text _builder_version=\u00a0\u00bb4.27.4&Prime; _module_preset=\u00a0\u00bbdefault\u00a0\u00bb text_font=\u00a0\u00bb&#8211;et_global_body_font||||||||\u00a0\u00bb text_text_color=\u00a0\u00bb#084f82&Prime; text_font_size=\u00a0\u00bb15px\u00a0\u00bb text_letter_spacing=\u00a0\u00bb1px\u00a0\u00bb text_line_height=\u00a0\u00bb1.5em\u00a0\u00bb global_colors_info=\u00a0\u00bb{}\u00a0\u00bb]<\/p>\n<p data-start=\"133\" data-end=\"500\" style=\"text-align: justify;\"><span>Chaque \u00e9tape de la vie s\u2019accompagne de d\u00e9cisions financi\u00e8res importantes. Que vous soyez un jeune professionnel qui d\u00e9bute sa carri\u00e8re, un parent souhaitant prot\u00e9ger sa famille, ou un pr\u00e9retrait\u00e9 d\u00e9sireux d\u2019assurer une transition sereine vers la retraite, nous vous offrons des solutions concr\u00e8tes, adapt\u00e9es \u00e0 votre r\u00e9alit\u00e9.<\/span><\/p>\n<p style=\"text-align: justify;\"><span>L\u2019assurance constitue l\u2019un des piliers d\u2019un programme de s\u00e9curit\u00e9 financi\u00e8re complet. Elle permet non seulement de prot\u00e9ger vos proches en cas de d\u00e9c\u00e8s, d\u2019invalidit\u00e9 ou de maladie grave, mais \u00e9galement de contribuer \u00e0 votre strat\u00e9gie de croissance financi\u00e8re. Certaines polices d\u2019assurance-vie, par exemple, offrent la possibilit\u00e9 de constituer une valeur de rachat \u00e0 l\u2019abri de l\u2019imp\u00f4t. Cette valeur peut ensuite \u00eatre utilis\u00e9e de votre vivant pour financer des projets tels que l\u2019achat d\u2019une propri\u00e9t\u00e9, le lancement d\u2019une entreprise ou la pr\u00e9paration de votre retraite.<\/span><\/p>\n<p style=\"text-align: justify;\">[\/et_pb_text][\/et_pb_column][et_pb_column type=\u00a0\u00bb3_5&Prime; _builder_version=\u00a0\u00bb4.27.4&Prime; _module_preset=\u00a0\u00bbdefault\u00a0\u00bb global_colors_info=\u00a0\u00bb{}\u00a0\u00bb][et_pb_accordion open_toggle_text_color=\u00a0\u00bb#084f82&Prime; module_class=\u00a0\u00bbaccordeon-sos\u00a0\u00bb _builder_version=\u00a0\u00bb4.27.4&Prime; _module_preset=\u00a0\u00bbdefault\u00a0\u00bb toggle_level=\u00a0\u00bbh3&Prime; toggle_font=\u00a0\u00bb&#8211;et_global_heading_font|600|||||||\u00a0\u00bb toggle_font_size=\u00a0\u00bb16px\u00a0\u00bb body_font=\u00a0\u00bb&#8211;et_global_body_font||||||||\u00a0\u00bb body_text_color=\u00a0\u00bb#084f82&Prime; box_shadow_style=\u00a0\u00bbpreset1&Prime; global_colors_info=\u00a0\u00bb{}\u00a0\u00bb][et_pb_accordion_item title=\u00a0\u00bbAssurance-vie\u00a0\u00bb open=\u00a0\u00bbon\u00a0\u00bb _builder_version=\u00a0\u00bb4.27.4&Prime; _module_preset=\u00a0\u00bbdefault\u00a0\u00bb body_font=\u00a0\u00bb&#8211;et_global_body_font||||||||\u00a0\u00bb body_text_color=\u00a0\u00bb#084f82&Prime; body_font_size=\u00a0\u00bb15px\u00a0\u00bb body_letter_spacing=\u00a0\u00bb1px\u00a0\u00bb body_line_height=\u00a0\u00bb1.5em\u00a0\u00bb global_colors_info=\u00a0\u00bb{}\u00a0\u00bb toggle_text_color=\u00a0\u00bb#084f82&Prime; toggle_level=\u00a0\u00bbh3&Prime; toggle_font=\u00a0\u00bb&#8211;et_global_heading_font|600|||||||\u00a0\u00bb toggle_font_size=\u00a0\u00bb22px\u00a0\u00bb]<\/p>\n<div id=\"content\" class=\"grid_6 push_3 column\">\n<div class=\"section\">\n<div id=\"main-content\">\n<div id=\"node-19157\" class=\"node node-type-custom-page build-mode-full clearfix\">\n<div class=\"content\">\n<p>L\u2019assurance-vie permet de vous prot\u00e9ger, vous et votre famille. \u00c0 votre d\u00e9c\u00e8s, l\u2019assurance-vie peut servir \u00e0 r\u00e9gler les derniers frais et les dettes, et \u00e0 procurer un revenu \u00e0 votre famille.<\/p>\n<p><strong>Avantages d\u2019une assurance-vie :<\/strong><\/p>\n<ul>\n<li>S\u2019il y a un b\u00e9n\u00e9ficiaire nomm\u00e9, la prestation de d\u00e9c\u00e8s ne fera pas partie de la succession et un capital-d\u00e9c\u00e8s vers\u00e9 aux b\u00e9n\u00e9ficiaires d\u00e9sign\u00e9s est g\u00e9n\u00e9ralement libre d\u2019imp\u00f4t<\/li>\n<li>Un patrimoine accessible imm\u00e9diatement au moment o\u00f9 des fonds sont le plus n\u00e9cessaires<\/li>\n<li>Des frais d\u2019homologation ou de v\u00e9rification de testament peuvent \u00eatre \u00e9vit\u00e9s si le produit de l\u2019assurance-vie est vers\u00e9 \u00e0 un b\u00e9n\u00e9ficiaire plut\u00f4t qu\u2019\u00e0 la succession<\/li>\n<li>Une assurance-vie peut offrir une possibilit\u00e9 de protection contre les cr\u00e9anciers(1)\u00a0<sup><\/sup><\/li>\n<li>Une assurance-vie permanente permet la constitution d\u2019une valeur de rachat fiscalement avantageuse en vue de la retraite ou pour disposer de liquidit\u00e9s(2)<\/li>\n<\/ul>\n<p>Nous avons acc\u00e8s \u00e0 une grande vari\u00e9t\u00e9 de solutions d\u2019assurance-vie pour vous aider \u00e0 r\u00e9pondre aux besoins identifi\u00e9s dans votre programme de s\u00e9curit\u00e9 financi\u00e8re. Nous pouvons vous aider \u00e0 choisir la protection qui convient \u00e0 votre situation.<\/p>\n<p><span style=\"text-decoration: underline;\"><strong><a class=\"linkfilter-drupal-node-page\" href=\"http:\/\/www.sfnadal.com\/contact\">Communiquez avec nous d\u00e8s aujourd\u2019hui<\/a><\/strong><\/span><span>\u00a0<\/span>pour en apprendre davantage sur la fa\u00e7on dont l\u2019assurance-vie peut jouer un r\u00f4le essentiel dans votre programme de s\u00e9curit\u00e9 financi\u00e8re.<\/p>\n<p><em>(1) La protection contre les cr\u00e9anciers est tributaire des d\u00e9cisions du tribunal et de la l\u00e9gislation applicable, lesquelles peuvent changer et sont susceptibles de varier dans chaque province. Elle ne peut jamais \u00eatre garantie. Vous devriez consulter un avocat pour obtenir davantage de pr\u00e9cisions sur la possibilit\u00e9 de protection contre les cr\u00e9anciers pour votre situation en particulier.<\/em><\/p>\n<p><em>(2) Si la valeur accumul\u00e9e respecte les plafonds prescrits par la loi, la valeur en esp\u00e8ces n\u2019est assujettie \u00e0 l\u2019imp\u00f4t que lorsqu\u2019elle est retir\u00e9e de la police d\u2019assurance-vie.<\/em><\/p>\n<\/div>\n<\/div>\n<\/div>\n<div id=\"extend-block\"><\/div>\n<\/div>\n<\/div>\n<div id=\"sidebar-first\" class=\"grid_3 pull_6 column\">\n<div class=\"region region-sidebar-first column sidebar\">\n<div class=\"section\">\n<div id=\"block-menu_block-1\" class=\"block block-menu_block first region-odd odd region-count-1 count-1 \">\n<div class=\"block-wrapper\">\n<div class=\"content\">\n<div class=\"menu_block_wrapper menu-block-1 menu-name-primary-links parent-mlid-0 menu-level-2\"><\/div>\n<\/div>\n<\/div>\n<\/div>\n<\/div>\n<\/div>\n<\/div>\n<p>[\/et_pb_accordion_item][et_pb_accordion_item title=\u00a0\u00bbAssurance invalidit\u00e9\u00a0\u00bb open_toggle_text_color=\u00a0\u00bb#084f82&Prime; _builder_version=\u00a0\u00bb4.27.4&Prime; _module_preset=\u00a0\u00bbdefault\u00a0\u00bb body_font=\u00a0\u00bb&#8211;et_global_body_font||||||||\u00a0\u00bb body_text_color=\u00a0\u00bb#084f82&Prime; body_font_size=\u00a0\u00bb15px\u00a0\u00bb body_letter_spacing=\u00a0\u00bb1px\u00a0\u00bb body_line_height=\u00a0\u00bb1.5em\u00a0\u00bb global_colors_info=\u00a0\u00bb{}\u00a0\u00bb toggle_level=\u00a0\u00bbh3&Prime; toggle_font=\u00a0\u00bb&#8211;et_global_heading_font|600|||||||\u00a0\u00bb toggle_font_size=\u00a0\u00bb20px\u00a0\u00bb open=\u00a0\u00bboff\u00a0\u00bb]<\/p>\n<p>L\u2019assurance invalidit\u00e9 peut vous aider \u00e0 prot\u00e9ger l\u2019un de vos biens les plus pr\u00e9cieux : votre revenu.<\/p>\n<p>Votre revenu vous aide \u00e0 vous acquitter de vos obligations financi\u00e8res courantes (paiement de pr\u00eat hypoth\u00e9caire, factures mensuelles et frais d\u2019\u00e9picerie) ainsi qu\u2019\u00e0 maintenir votre programme de s\u00e9curit\u00e9 financi\u00e8re (planification des \u00e9tudes de vos enfants et objectifs de retraite).<br \/>Qu\u2019adviendrait-il de votre maison, par exemple, si vous ne disposiez plus de cette source de revenu?<\/p>\n<p>Nous avons acc\u00e8s \u00e0 des produits d\u2019assurance invalidit\u00e9 con\u00e7us pour r\u00e9pondre \u00e0 vos besoins et pour prot\u00e9ger votre capacit\u00e9 \u00e0 g\u00e9n\u00e9rer un revenu, capacit\u00e9 qui pourrait \u00eatre remise en question si vous \u00e9tiez frapp\u00e9 d\u2019une invalidit\u00e9.<\/p>\n<p><strong>Avantages de l\u2019assurance invalidit\u00e9 :<\/strong><\/p>\n<ul>\n<li>Possibilit\u00e9 de prot\u00e9ger votre capacit\u00e9 \u00e0 g\u00e9n\u00e9rer un revenu, votre style de vie actuel, votre ind\u00e9pendance financi\u00e8re ainsi que le programme de s\u00e9curit\u00e9 financi\u00e8re \u00e0 long terme de votre famille<\/li>\n<li>Capacit\u00e9 \u00e0 payer les co\u00fbts fixes de votre entreprise en cas d\u2019invalidit\u00e9<\/li>\n<li>Facilitation du processus de rachat des parts d\u2019un associ\u00e9 invalide dans l\u2019entreprise<\/li>\n<\/ul>\n<p><strong><span style=\"text-decoration: underline;\"><a class=\"linkfilter-drupal-node-page\" href=\"http:\/\/www.sfnadal.com\/contact\">Communiquez avec nous d\u00e8s aujourd\u2019hui<\/a>\u00a0<\/span><\/strong>pour en apprendre davantage sur la fa\u00e7on de prot\u00e9ger votre revenu et sur l\u2019importance d\u2019une assurance invalidit\u00e9 dans votre programme de s\u00e9curit\u00e9 financi\u00e8re.<\/p>\n<p>[\/et_pb_accordion_item][et_pb_accordion_item title=\u00a0\u00bbAssurance contre les maladies graves\u00a0\u00bb open_toggle_text_color=\u00a0\u00bb#084f82&Prime; _builder_version=\u00a0\u00bb4.27.4&Prime; _module_preset=\u00a0\u00bbdefault\u00a0\u00bb body_font=\u00a0\u00bb&#8211;et_global_body_font||||||||\u00a0\u00bb body_text_color=\u00a0\u00bb#084f82&Prime; body_font_size=\u00a0\u00bb15px\u00a0\u00bb body_letter_spacing=\u00a0\u00bb1px\u00a0\u00bb body_line_height=\u00a0\u00bb1.5em\u00a0\u00bb global_colors_info=\u00a0\u00bb{}\u00a0\u00bb toggle_level=\u00a0\u00bbh3&Prime; toggle_font=\u00a0\u00bb&#8211;et_global_heading_font|600|||||||\u00a0\u00bb toggle_font_size=\u00a0\u00bb20px\u00a0\u00bb open=\u00a0\u00bboff\u00a0\u00bb]<\/p>\n<p>Une assurance contre les maladies graves peut aider \u00e0 soulager votre stress financier \u00e0 un moment critique de votre vie et venir compl\u00e9ter la protection fournie par vos assurance-vie et assurance invalidit\u00e9. Elle vous offre, \u00e0 vous, \u00e0 votre famille ainsi qu\u2019\u00e0 votre entreprise, les ressources financi\u00e8res n\u00e9cessaires pour contribuer au paiement des d\u00e9penses suppl\u00e9mentaires souvent associ\u00e9es \u00e0 une maladie ou affection grave.<\/p>\n<p><strong>Avantages de l\u2019assurance contre les maladies graves :<\/strong><\/p>\n<ul>\n<li>Versement d\u2019une prestation forfaitaire unique que vous pouvez utiliser comme vous le souhaitez (pour payer un pr\u00eat hypoth\u00e9caire, obtenir un traitement m\u00e9dical \u00e0 l\u2019\u00e9tranger ou permettre \u00e0 votre entreprise de poursuivre ses activit\u00e9s en votre absence, par exemple)<\/li>\n<li>Protection pour jusqu\u2019\u00e0 25 maladies ou affections graves<\/li>\n<li>Possibilit\u00e9 de versement m\u00eame si votre invalidit\u00e9 ne vous emp\u00eache pas de travailler<\/li>\n<li>Options permettant des prestations de remboursement de la prime<\/li>\n<li>Possibilit\u00e9 d\u2019admissibilit\u00e9 \u00e0 la protection contre les maladies graves pour certaines personnes qui, pour des raisons vari\u00e9es, ne peuvent pas obtenir d\u2019assurance invalidit\u00e9 (un conjoint sans revenu, par exemple)<\/li>\n<\/ul>\n<p>Nous pouvons vous aider \u00e0 d\u00e9terminer si une assurance contre les maladies graves convient \u00e0 votre programme de s\u00e9curit\u00e9 financi\u00e8re.<span>\u00a0<\/span><\/p>\n<p><span style=\"text-decoration: underline;\"><strong><a class=\"linkfilter-drupal-node-page\" href=\"http:\/\/www.sfnadal.com\/contact\">Communiquez avec nous d\u00e8s aujourd\u2019hui<\/a><\/strong><\/span><span>\u00a0<\/span>pour en apprendre davantage sur l\u2019assurance contre les maladies graves.<\/p>\n<p>[\/et_pb_accordion_item][et_pb_accordion_item title=\u00a0\u00bbAssurance-maladie suppl\u00e9mentaire et assurance dentaire\u00a0\u00bb open_toggle_text_color=\u00a0\u00bb#084f82&Prime; _builder_version=\u00a0\u00bb4.27.4&Prime; _module_preset=\u00a0\u00bbdefault\u00a0\u00bb body_font=\u00a0\u00bb&#8211;et_global_body_font||||||||\u00a0\u00bb body_font_size=\u00a0\u00bb15px\u00a0\u00bb body_letter_spacing=\u00a0\u00bb1px\u00a0\u00bb body_line_height=\u00a0\u00bb1.5em\u00a0\u00bb global_colors_info=\u00a0\u00bb{}\u00a0\u00bb toggle_level=\u00a0\u00bbh3&Prime; toggle_font=\u00a0\u00bb&#8211;et_global_heading_font|500|||||||\u00a0\u00bb toggle_font_size=\u00a0\u00bb20px\u00a0\u00bb open=\u00a0\u00bboff\u00a0\u00bb]<\/p>\n<p>Si vous ne b\u00e9n\u00e9ficiez d\u2019aucune protection dans le cadre d\u2019un r\u00e9gime collectif d\u2019avantages sociaux, nous pouvons vous aider \u00e0 avoir acc\u00e8s \u00e0 des r\u00e9gimes de protection d\u2019assurance-maladie suppl\u00e9mentaire et d\u2019assurance dentaire individuels con\u00e7us pour vous aider \u00e0 couvrir vos d\u00e9penses de sant\u00e9.<\/p>\n<p>Ces r\u00e9gimes fournissent des niveaux vari\u00e9s de protection de soins de sant\u00e9 \u00e9tendue qui permettent de combler vos besoins \u00e0 toutes les \u00e9tapes de votre vie.<\/p>\n<p><a class=\"linkfilter-drupal-node-page\" href=\"http:\/\/www.sfnadal.com\/contact\"><strong><span style=\"text-decoration: underline;\">Communiquez avec nous<\/span><\/strong><span>\u00a0<\/span><\/a>pour en apprendre davantage sur les possibilit\u00e9s de protection d\u2019assurance-maladie \u00e9tendue pour vous et votre famille.<\/p>\n<p>[\/et_pb_accordion_item][\/et_pb_accordion][\/et_pb_column][\/et_pb_row][et_pb_row _builder_version=\u00a0\u00bb4.27.4&Prime; _module_preset=\u00a0\u00bbdefault\u00a0\u00bb global_colors_info=\u00a0\u00bb{}\u00a0\u00bb][et_pb_column type=\u00a0\u00bb4_4&Prime; _builder_version=\u00a0\u00bb4.27.4&Prime; _module_preset=\u00a0\u00bbdefault\u00a0\u00bb global_colors_info=\u00a0\u00bb{}\u00a0\u00bb][et_pb_text _builder_version=\u00a0\u00bb4.27.4&Prime; _module_preset=\u00a0\u00bbdefault\u00a0\u00bb text_font=\u00a0\u00bb&#8211;et_global_body_font||||||||\u00a0\u00bb text_font_size=\u00a0\u00bb15px\u00a0\u00bb text_letter_spacing=\u00a0\u00bb1px\u00a0\u00bb text_line_height=\u00a0\u00bb1.5em\u00a0\u00bb global_colors_info=\u00a0\u00bb{}\u00a0\u00bb]<\/p>\n<p style=\"text-align: justify;\"><strong>Notre r\u00f4le est de vous guider dans le choix des protections les mieux adapt\u00e9es \u00e0 votre profil et \u00e0 vos objectifs, tout en assurant une coh\u00e9rence avec votre strat\u00e9gie financi\u00e8re globale.<\/strong><\/p>\n<p style=\"text-align: justify;\">Gr\u00e2ce \u00e0 une approche personnalis\u00e9e, nous vous aidons \u00e0 b\u00e2tir un filet de s\u00e9curit\u00e9 solide et \u00e9volutif, qui s\u2019ajuste aux diff\u00e9rentes \u00e9tapes de votre vie.<\/p>\n<p>[\/et_pb_text][\/et_pb_column][\/et_pb_row][et_pb_row column_structure=\u00a0\u00bb1_5,3_5,1_5&Prime; _builder_version=\u00a0\u00bb4.27.4&Prime; _module_preset=\u00a0\u00bbdefault\u00a0\u00bb global_colors_info=\u00a0\u00bb{}\u00a0\u00bb][et_pb_column type=\u00a0\u00bb1_5&Prime; _builder_version=\u00a0\u00bb4.27.4&Prime; _module_preset=\u00a0\u00bbdefault\u00a0\u00bb global_colors_info=\u00a0\u00bb{}\u00a0\u00bb][et_pb_image src=\u00a0\u00bbhttps:\/\/sfnadal.ca\/wp-content\/uploads\/2025\/10\/Creation-sans-titre-25-scaled.png\u00a0\u00bb title_text=\u00a0\u00bbCre\u0301ation sans titre (25)\u00a0\u00bb _builder_version=\u00a0\u00bb4.27.4&Prime; _module_preset=\u00a0\u00bbdefault\u00a0\u00bb animation_style=\u00a0\u00bbslide\u00a0\u00bb global_colors_info=\u00a0\u00bb{}\u00a0\u00bb][\/et_pb_image][\/et_pb_column][et_pb_column type=\u00a0\u00bb3_5&Prime; _builder_version=\u00a0\u00bb4.27.4&Prime; _module_preset=\u00a0\u00bbdefault\u00a0\u00bb global_colors_info=\u00a0\u00bb{}\u00a0\u00bb][\/et_pb_column][et_pb_column type=\u00a0\u00bb1_5&Prime; _builder_version=\u00a0\u00bb4.27.4&Prime; _module_preset=\u00a0\u00bbdefault\u00a0\u00bb global_colors_info=\u00a0\u00bb{}\u00a0\u00bb][\/et_pb_column][\/et_pb_row][et_pb_row _builder_version=\u00a0\u00bb4.27.4&Prime; _module_preset=\u00a0\u00bbdefault\u00a0\u00bb global_colors_info=\u00a0\u00bb{}\u00a0\u00bb][et_pb_column type=\u00a0\u00bb4_4&Prime; _builder_version=\u00a0\u00bb4.27.4&Prime; _module_preset=\u00a0\u00bbdefault\u00a0\u00bb global_colors_info=\u00a0\u00bb{}\u00a0\u00bb][et_pb_heading title=\u00a0\u00bbServices aux entreprises\u00a0\u00bb _builder_version=\u00a0\u00bb4.27.4&Prime; _module_preset=\u00a0\u00bbdefault\u00a0\u00bb title_level=\u00a0\u00bbh2&Prime; title_font=\u00a0\u00bb&#8211;et_global_heading_font||||||||\u00a0\u00bb title_text_color=\u00a0\u00bb#084f82&Prime; title_font_size=\u00a0\u00bb40px\u00a0\u00bb animation_style=\u00a0\u00bbslide\u00a0\u00bb animation_direction=\u00a0\u00bbleft\u00a0\u00bb animation_intensity_slide=\u00a0\u00bb25%\u00a0\u00bb global_colors_info=\u00a0\u00bb{}\u00a0\u00bb][\/et_pb_heading][\/et_pb_column][\/et_pb_row][et_pb_row column_structure=\u00a0\u00bb2_5,3_5&Prime; _builder_version=\u00a0\u00bb4.27.4&Prime; _module_preset=\u00a0\u00bbdefault\u00a0\u00bb custom_padding=\u00a0\u00bb||0px|||\u00a0\u00bb global_colors_info=\u00a0\u00bb{}\u00a0\u00bb][et_pb_column type=\u00a0\u00bb2_5&Prime; _builder_version=\u00a0\u00bb4.27.4&Prime; _module_preset=\u00a0\u00bbdefault\u00a0\u00bb global_colors_info=\u00a0\u00bb{}\u00a0\u00bb][et_pb_text _builder_version=\u00a0\u00bb4.27.4&Prime; _module_preset=\u00a0\u00bbdefault\u00a0\u00bb text_font=\u00a0\u00bb&#8211;et_global_body_font||||||||\u00a0\u00bb text_font_size=\u00a0\u00bb16px\u00a0\u00bb text_letter_spacing=\u00a0\u00bb1px\u00a0\u00bb text_line_height=\u00a0\u00bb2em\u00a0\u00bb global_colors_info=\u00a0\u00bb{}\u00a0\u00bb]<\/p>\n<p>Les entrepreneurs et dirigeants d\u2019entreprise doivent non seulement assurer la p\u00e9rennit\u00e9 de leur activit\u00e9, mais aussi veiller \u00e0 la protection financi\u00e8re de leurs employ\u00e9s et de leur propre avenir.<\/p>\n<p>Nous proposons des solutions sp\u00e9cialement con\u00e7ues pour r\u00e9pondre aux enjeux financiers des entreprises.<\/p>\n<p>[\/et_pb_text][\/et_pb_column][et_pb_column type=\u00a0\u00bb3_5&Prime; _builder_version=\u00a0\u00bb4.27.4&Prime; _module_preset=\u00a0\u00bbdefault\u00a0\u00bb global_colors_info=\u00a0\u00bb{}\u00a0\u00bb][et_pb_accordion module_class=\u00a0\u00bbaccordeon-sos\u00a0\u00bb _builder_version=\u00a0\u00bb4.27.4&Prime; _module_preset=\u00a0\u00bbdefault\u00a0\u00bb box_shadow_style=\u00a0\u00bbpreset1&Prime; global_colors_info=\u00a0\u00bb{}\u00a0\u00bb][et_pb_accordion_item title=\u00a0\u00bbAvantages sociaux collectifs\u00a0\u00bb open=\u00a0\u00bbon\u00a0\u00bb _builder_version=\u00a0\u00bb4.27.4&Prime; _module_preset=\u00a0\u00bbdefault\u00a0\u00bb body_font=\u00a0\u00bb&#8211;et_global_body_font||||||||\u00a0\u00bb body_text_color=\u00a0\u00bb#084f82&Prime; body_font_size=\u00a0\u00bb16px\u00a0\u00bb body_letter_spacing=\u00a0\u00bb1px\u00a0\u00bb body_line_height=\u00a0\u00bb2em\u00a0\u00bb global_colors_info=\u00a0\u00bb{}\u00a0\u00bb toggle_text_color=\u00a0\u00bb#084f82&Prime; toggle_level=\u00a0\u00bbh3&Prime; toggle_font=\u00a0\u00bb&#8211;et_global_heading_font|600|||||||\u00a0\u00bb toggle_font_size=\u00a0\u00bb20px\u00a0\u00bb]<\/p>\n<p><span>Si vous recherchez des solutions d\u2019avantages sociaux pour votre entreprise, nous pouvons vous donner acc\u00e8s \u00e0 des r\u00e9gimes collectifs d\u2019avantages sociaux personnalis\u00e9s, y compris des solutions d\u2019assurance-vie, d\u2019assurance invalidit\u00e9, d\u2019assurance-maladie suppl\u00e9mentaire, d\u2019assurance oculaire et d\u2019assurance dentaire.<\/span><\/p>\n<p><span>Nous avons \u00e0 notre disposition des produits et des services novateurs, tels que des r\u00e9gimes d\u2019avantages sociaux pour travailleurs \u00e9trangers.<\/span><\/p>\n<p><span><\/span><\/p>\n<p><span><a class=\"linkfilter-drupal-node-page\" href=\"http:\/\/www.sfnadal.com\/contact\">Communiquez avec nous d\u00e8s aujourd\u2019hui<\/a>\u00a0afin de tirer profit de solutions con\u00e7ues pour pourvoir aux besoins de bien-\u00eatre de vos employ\u00e9s et de votre entreprise.<\/span><\/p>\n<p>[\/et_pb_accordion_item][et_pb_accordion_item title=\u00a0\u00bbAvantages sociaux collectifs\u00a0\u00bb _builder_version=\u00a0\u00bb4.27.4&Prime; _module_preset=\u00a0\u00bbdefault\u00a0\u00bb body_font=\u00a0\u00bb&#8211;et_global_body_font||||||||\u00a0\u00bb body_text_color=\u00a0\u00bb#084f82&Prime; body_font_size=\u00a0\u00bb16px\u00a0\u00bb body_letter_spacing=\u00a0\u00bb1px\u00a0\u00bb body_line_height=\u00a0\u00bb2em\u00a0\u00bb global_colors_info=\u00a0\u00bb{}\u00a0\u00bb toggle_text_color=\u00a0\u00bb#084f82&Prime; toggle_level=\u00a0\u00bbh3&Prime; toggle_font=\u00a0\u00bb&#8211;et_global_heading_font|600|||||||\u00a0\u00bb toggle_font_size=\u00a0\u00bb20px\u00a0\u00bb open=\u00a0\u00bboff\u00a0\u00bb]<\/p>\n<p><span>Si vous recherchez des solutions d\u2019avantages sociaux pour votre entreprise, nous pouvons vous donner acc\u00e8s \u00e0 des r\u00e9gimes collectifs d\u2019avantages sociaux personnalis\u00e9s, y compris des solutions d\u2019assurance-vie, d\u2019assurance invalidit\u00e9, d\u2019assurance-maladie suppl\u00e9mentaire, d\u2019assurance oculaire et d\u2019assurance dentaire.<\/span><\/p>\n<p><span>Nous avons \u00e0 notre disposition des produits et des services novateurs, tels que des r\u00e9gimes d\u2019avantages sociaux pour travailleurs \u00e9trangers.<\/span><\/p>\n<p><span><\/span><\/p>\n<p><span><a class=\"linkfilter-drupal-node-page\" href=\"http:\/\/www.sfnadal.com\/contact\">Communiquez avec nous d\u00e8s aujourd\u2019hui<\/a>\u00a0afin de tirer profit de solutions con\u00e7ues pour pourvoir aux besoins de bien-\u00eatre de vos employ\u00e9s et de votre entreprise.<\/span><\/p>\n<p>[\/et_pb_accordion_item][et_pb_accordion_item title=\u00a0\u00bbR\u00e9gimes de retraite et d\u2019\u00e9pargne collectifs\u00a0\u00bb _builder_version=\u00a0\u00bb4.27.4&Prime; _module_preset=\u00a0\u00bbdefault\u00a0\u00bb body_font=\u00a0\u00bb&#8211;et_global_body_font||||||||\u00a0\u00bb body_text_color=\u00a0\u00bb#084f82&Prime; body_font_size=\u00a0\u00bb16px\u00a0\u00bb body_letter_spacing=\u00a0\u00bb1px\u00a0\u00bb body_line_height=\u00a0\u00bb2em\u00a0\u00bb global_colors_info=\u00a0\u00bb{}\u00a0\u00bb toggle_level=\u00a0\u00bbh3&Prime; toggle_font=\u00a0\u00bb&#8211;et_global_heading_font|600|||||||\u00a0\u00bb toggle_font_size=\u00a0\u00bb20px\u00a0\u00bb toggle_letter_spacing=\u00a0\u00bb1px\u00a0\u00bb toggle_line_height=\u00a0\u00bb1.5em\u00a0\u00bb open=\u00a0\u00bboff\u00a0\u00bb]<\/p>\n<p>Si vous poss\u00e9dez une entreprise, les r\u00e9gimes de retraite et d\u2019\u00e9pargne collectifs peuvent jouer un r\u00f4le cl\u00e9 dans votre capacit\u00e9 \u00e0 attirer et \u00e0 retenir les employ\u00e9s de qualit\u00e9. Nous disposons d\u2019un large \u00e9ventail de r\u00e9gimes de retraite et d\u2019\u00e9pargne collectifs.<\/p>\n<p>Cela comprend les r\u00e9gimes suivants :<\/p>\n<ul>\n<li>R\u00e9gimes enregistr\u00e9s d&rsquo;\u00e9pargne-retraite collectifs (REER)<\/li>\n<li>R\u00e9gimes de participation diff\u00e9r\u00e9e aux b\u00e9n\u00e9fices (RPDB)<\/li>\n<li>R\u00e9gimes de retraite \u00e0 cotisation d\u00e9termin\u00e9e<\/li>\n<li>R\u00e9gimes non enregistr\u00e9s d&rsquo;\u00e9pargne collectifs<\/li>\n<\/ul>\n<p><a class=\"linkfilter-drupal-node-page\" href=\"http:\/\/www.sfnadal.com\/contact\">Communiquez avec nous d\u00e8s aujourd\u2019hui<\/a><span>\u00a0<\/span>pour en apprendre davantage sur les r\u00e9gimes d\u2019\u00e9pargne et de retraite collectifs et pour d\u00e9couvrir les avantages qu\u2019ils peuvent pr\u00e9senter pour votre entreprise.<\/p>\n<p>[\/et_pb_accordion_item][\/et_pb_accordion][\/et_pb_column][\/et_pb_row][et_pb_row _builder_version=\u00a0\u00bb4.27.4&Prime; _module_preset=\u00a0\u00bbdefault\u00a0\u00bb global_colors_info=\u00a0\u00bb{}\u00a0\u00bb][et_pb_column type=\u00a0\u00bb4_4&Prime; _builder_version=\u00a0\u00bb4.27.4&Prime; _module_preset=\u00a0\u00bbdefault\u00a0\u00bb global_colors_info=\u00a0\u00bb{}\u00a0\u00bb][\/et_pb_column][\/et_pb_row][et_pb_row column_structure=\u00a0\u00bb1_5,3_5,1_5&Prime; _builder_version=\u00a0\u00bb4.27.4&Prime; _module_preset=\u00a0\u00bbdefault\u00a0\u00bb global_colors_info=\u00a0\u00bb{}\u00a0\u00bb][et_pb_column type=\u00a0\u00bb1_5&Prime; _builder_version=\u00a0\u00bb4.27.4&Prime; _module_preset=\u00a0\u00bbdefault\u00a0\u00bb global_colors_info=\u00a0\u00bb{}\u00a0\u00bb][et_pb_image src=\u00a0\u00bbhttps:\/\/sfnadal.ca\/wp-content\/uploads\/2025\/10\/Produits-de-retraite-et-de-placement.png\u00a0\u00bb title_text=\u00a0\u00bbProduits de retraite et de placement\u00a0\u00bb _builder_version=\u00a0\u00bb4.27.4&Prime; _module_preset=\u00a0\u00bbdefault\u00a0\u00bb animation_style=\u00a0\u00bbslide\u00a0\u00bb global_colors_info=\u00a0\u00bb{}\u00a0\u00bb][\/et_pb_image][\/et_pb_column][et_pb_column type=\u00a0\u00bb3_5&Prime; _builder_version=\u00a0\u00bb4.27.4&Prime; _module_preset=\u00a0\u00bbdefault\u00a0\u00bb global_colors_info=\u00a0\u00bb{}\u00a0\u00bb][\/et_pb_column][et_pb_column type=\u00a0\u00bb1_5&Prime; _builder_version=\u00a0\u00bb4.27.4&Prime; _module_preset=\u00a0\u00bbdefault\u00a0\u00bb global_colors_info=\u00a0\u00bb{}\u00a0\u00bb][\/et_pb_column][\/et_pb_row][et_pb_row _builder_version=\u00a0\u00bb4.27.4&Prime; _module_preset=\u00a0\u00bbdefault\u00a0\u00bb global_colors_info=\u00a0\u00bb{}\u00a0\u00bb][et_pb_column type=\u00a0\u00bb4_4&Prime; _builder_version=\u00a0\u00bb4.27.4&Prime; _module_preset=\u00a0\u00bbdefault\u00a0\u00bb global_colors_info=\u00a0\u00bb{}\u00a0\u00bb][et_pb_heading title=\u00a0\u00bbProduits de retraite et de placement\u00a0\u00bb _builder_version=\u00a0\u00bb4.27.4&Prime; _module_preset=\u00a0\u00bbdefault\u00a0\u00bb title_level=\u00a0\u00bbh2&Prime; title_font=\u00a0\u00bb&#8211;et_global_heading_font||||||||\u00a0\u00bb title_text_color=\u00a0\u00bb#084f82&Prime; title_font_size=\u00a0\u00bb40px\u00a0\u00bb animation_style=\u00a0\u00bbslide\u00a0\u00bb animation_direction=\u00a0\u00bbleft\u00a0\u00bb animation_intensity_slide=\u00a0\u00bb25%\u00a0\u00bb global_colors_info=\u00a0\u00bb{}\u00a0\u00bb][\/et_pb_heading][\/et_pb_column][\/et_pb_row][et_pb_row column_structure=\u00a0\u00bb2_5,3_5&Prime; _builder_version=\u00a0\u00bb4.27.4&Prime; _module_preset=\u00a0\u00bbdefault\u00a0\u00bb custom_padding=\u00a0\u00bb||0px|||\u00a0\u00bb global_colors_info=\u00a0\u00bb{}\u00a0\u00bb][et_pb_column type=\u00a0\u00bb2_5&Prime; _builder_version=\u00a0\u00bb4.27.4&Prime; _module_preset=\u00a0\u00bbdefault\u00a0\u00bb global_colors_info=\u00a0\u00bb{}\u00a0\u00bb][et_pb_text _builder_version=\u00a0\u00bb4.27.4&Prime; _module_preset=\u00a0\u00bbdefault\u00a0\u00bb text_font=\u00a0\u00bb&#8211;et_global_body_font||||||||\u00a0\u00bb text_font_size=\u00a0\u00bb16px\u00a0\u00bb text_letter_spacing=\u00a0\u00bb1px\u00a0\u00bb text_line_height=\u00a0\u00bb2em\u00a0\u00bb text_orientation=\u00a0\u00bbjustified\u00a0\u00bb global_colors_info=\u00a0\u00bb{}\u00a0\u00bb]<\/p>\n<p data-start=\"116\" data-end=\"346\">Vos objectifs financiers \u2014 qu\u2019ils soient \u00e0 court ou \u00e0 long terme \u2014 m\u00e9ritent une strat\u00e9gie personnalis\u00e9e.<\/p>\n<p data-start=\"116\" data-end=\"346\">Les placements jouent un r\u00f4le cl\u00e9 dans votre programme de s\u00e9curit\u00e9 financi\u00e8re et peuvent vous aider \u00e0 b\u00e2tir un avenir solide.<\/p>\n<p data-start=\"348\" data-end=\"613\">Nous vous offrons un large \u00e9ventail de produits d\u2019\u00e9pargne et de revenu adapt\u00e9s \u00e0 votre situation :<br data-start=\"446\" data-end=\"449\" \/>\u2013 R\u00e9gimes enregistr\u00e9s ou non enregistr\u00e9s pour particuliers (REER, CELI, FERR, etc.)<br data-start=\"532\" data-end=\"535\" \/>\u2013 R\u00e9gimes d\u2019\u00e9pargne et d\u2019\u00e9pargne-retraite collectifs pour groupes d\u2019employ\u00e9s<\/p>\n<p data-start=\"615\" data-end=\"755\">Que vous soyez un particulier ou un employeur, nous avons des solutions pour vous aider \u00e0 atteindre vos objectifs financiers avec confiance.<\/p>\n<p data-start=\"757\" data-end=\"827\"><strong data-start=\"757\" data-end=\"827\">Parlez-nous de vos projets : nous vous aiderons \u00e0 les concr\u00e9tiser.<\/strong><\/p>\n<p>[\/et_pb_text][\/et_pb_column][et_pb_column type=\u00a0\u00bb3_5&Prime; _builder_version=\u00a0\u00bb4.27.4&Prime; _module_preset=\u00a0\u00bbdefault\u00a0\u00bb global_colors_info=\u00a0\u00bb{}\u00a0\u00bb][et_pb_accordion module_class=\u00a0\u00bbaccordeon-sos\u00a0\u00bb _builder_version=\u00a0\u00bb4.27.4&Prime; _module_preset=\u00a0\u00bbdefault\u00a0\u00bb box_shadow_style=\u00a0\u00bbpreset1&Prime; global_colors_info=\u00a0\u00bb{}\u00a0\u00bb][et_pb_accordion_item title=\u00a0\u00bbR\u00e9gime enregistr\u00e9 d\u2019\u00e9pargne-retraite (REER)\u00a0\u00bb open=\u00a0\u00bbon\u00a0\u00bb _builder_version=\u00a0\u00bb4.27.4&Prime; _module_preset=\u00a0\u00bbdefault\u00a0\u00bb body_font=\u00a0\u00bb&#8211;et_global_body_font||||||||\u00a0\u00bb body_text_color=\u00a0\u00bb#084f82&Prime; body_font_size=\u00a0\u00bb16px\u00a0\u00bb body_letter_spacing=\u00a0\u00bb1px\u00a0\u00bb body_line_height=\u00a0\u00bb2em\u00a0\u00bb global_colors_info=\u00a0\u00bb{}\u00a0\u00bb toggle_text_color=\u00a0\u00bb#084f82&Prime; toggle_level=\u00a0\u00bbh3&Prime; toggle_font=\u00a0\u00bb&#8211;et_global_heading_font|600|||||||\u00a0\u00bb toggle_font_size=\u00a0\u00bb20px\u00a0\u00bb]<\/p>\n<p>Un r\u00e9gime enregistr\u00e9 d\u2019\u00e9pargne-retraite (REER) peut constituer un moyen efficace pour tirer parti d\u2019int\u00e9r\u00eats compos\u00e9s \u00e0 imposition report\u00e9e et pour accumuler une \u00e9pargne pour vos objectifs de retraite \u00e0 long terme.<\/p>\n<p>Avantages d\u2019un REER :<\/p>\n<ul>\n<li>Contributions d\u00e9ductibles des imp\u00f4ts pour les REER<\/li>\n<li>Imposition report\u00e9e pour les revenus et la croissance capitalis\u00e9s<\/li>\n<\/ul>\n<p>Nous pouvons vous aider \u00e0 vous constituer un portefeuille de placements personnalis\u00e9 r\u00e9pondant \u00e0 vos objectifs de s\u00e9curit\u00e9 financi\u00e8re et tenant compte de votre seuil de tol\u00e9rance au risque et de votre horizon temporel pour r\u00e9aliser vos objectifs.<\/p>\n<p><span style=\"text-decoration: underline;\"><strong><a class=\"linkfilter-drupal-node-page\" href=\"http:\/\/www.sfnadal.com\/contact\">Communiquez avec nous d\u00e8s aujourd\u2019hui<\/a><\/strong><\/span><span>\u00a0<\/span>pour examiner de plus pr\u00e8s votre portefeuille de placements et pour d\u00e9couvrir comment un REER pourrait venir s\u2019ajouter \u00e0 votre programme de s\u00e9curit\u00e9 financi\u00e8re.<\/p>\n<p>[\/et_pb_accordion_item][et_pb_accordion_item title=\u00a0\u00bbPolices de fonds distincts\u00a0\u00bb _builder_version=\u00a0\u00bb4.27.4&Prime; _module_preset=\u00a0\u00bbdefault\u00a0\u00bb body_font=\u00a0\u00bb&#8211;et_global_body_font||||||||\u00a0\u00bb body_text_color=\u00a0\u00bb#084f82&Prime; body_font_size=\u00a0\u00bb16px\u00a0\u00bb body_letter_spacing=\u00a0\u00bb1px\u00a0\u00bb body_line_height=\u00a0\u00bb2em\u00a0\u00bb global_colors_info=\u00a0\u00bb{}\u00a0\u00bb toggle_level=\u00a0\u00bbh3&Prime; toggle_font=\u00a0\u00bb&#8211;et_global_heading_font|600|||||||\u00a0\u00bb toggle_font_size=\u00a0\u00bb20px\u00a0\u00bb toggle_letter_spacing=\u00a0\u00bb1px\u00a0\u00bb toggle_line_height=\u00a0\u00bb1.5em\u00a0\u00bb open=\u00a0\u00bboff\u00a0\u00bb]<\/p>\n<p>Les polices de fonds distincts ne sont offertes que par l\u2019entremise des compagnies d\u2019assurance-vie.<\/p>\n<p>Des gestionnaires de fonds professionnels investissent dans une vari\u00e9t\u00e9 de titres individuels, et les valeurs unitaires de vos placements augmentent ou diminuent selon les rendements des fonds distincts que vous avez s\u00e9lectionn\u00e9s. Comme elles constituent une forme d\u2019assurance-vie, les polices de fonds distincts pr\u00e9sentent des avantages pour certains investisseurs.<\/p>\n<p>Ces avantages comprennent :<\/p>\n<ul>\n<li>La possibilit\u00e9 de d\u00e9signer un b\u00e9n\u00e9ficiaire afin que la prestation de d\u00e9c\u00e8s ne fasse pas partie de la succession<\/li>\n<li>Une possibilit\u00e9 de protection contre les cr\u00e9anciers (1)<\/li>\n<li>R\u00e9duire les frais d\u2019homologation de testament, si applicables<\/li>\n<li>Prestations garanties lors de la maturit\u00e9 et du d\u00e9c\u00e8s<\/li>\n<li>Aucun frais fiduciaires<\/li>\n<li><a class=\"linkfilter-drupal-node-page\" href=\"http:\/\/www.sfnadal.com\/products\/retirement\/lifeincome\">Option de garantie de revenu viager<\/a><\/li>\n<\/ul>\n<p>Nous disposons d\u2019un large \u00e9ventail de polices de fonds distincts.<span>\u00a0<\/span><a class=\"linkfilter-drupal-node-page\" href=\"http:\/\/www.sfnadal.com\/contact\">Communiquez avec nous d\u00e8s aujourd\u2019hui<\/a><span>\u00a0<\/span>pour en apprendre davantage sur la fa\u00e7on dont les polices de fonds distincts pourraient consolider votre portefeuille de placements.<\/p>\n<p>Une description des principales caract\u00e9ristiques de la police de fonds distincts est pr\u00e9sent\u00e9e dans la notice explicative.<\/p>\n<p><strong>Tout montant affect\u00e9 \u00e0 un fonds distinct est investi aux risques du propri\u00e9taire de la police et sa valeur peut augmenter ou diminuer.<\/strong><\/p>\n<p><em>(1) La protection contre les cr\u00e9anciers est tributaire des d\u00e9cisions du tribunal et de la l\u00e9gislation applicable, lesquelles peuvent changer et sont susceptibles de varier dans chaque province. Elle ne peut jamais \u00eatre garantie. Vous devriez consulter un avocat pour obtenir davantage de pr\u00e9cisions sur la possibilit\u00e9 de protection contre les cr\u00e9anciers pour votre situation en particulier.<\/em><\/p>\n<p>[\/et_pb_accordion_item][\/et_pb_accordion][\/et_pb_column][\/et_pb_row][et_pb_row _builder_version=\u00a0\u00bb4.27.4&Prime; _module_preset=\u00a0\u00bbdefault\u00a0\u00bb global_colors_info=\u00a0\u00bb{}\u00a0\u00bb][et_pb_column type=\u00a0\u00bb4_4&Prime; _builder_version=\u00a0\u00bb4.27.4&Prime; _module_preset=\u00a0\u00bbdefault\u00a0\u00bb global_colors_info=\u00a0\u00bb{}\u00a0\u00bb][\/et_pb_column][\/et_pb_row][et_pb_row column_structure=\u00a0\u00bb1_5,3_5,1_5&Prime; _builder_version=\u00a0\u00bb4.27.4&Prime; _module_preset=\u00a0\u00bbdefault\u00a0\u00bb global_colors_info=\u00a0\u00bb{}\u00a0\u00bb][et_pb_column type=\u00a0\u00bb1_5&Prime; _builder_version=\u00a0\u00bb4.27.4&Prime; _module_preset=\u00a0\u00bbdefault\u00a0\u00bb global_colors_info=\u00a0\u00bb{}\u00a0\u00bb][et_pb_image src=\u00a0\u00bbhttps:\/\/sfnadal.ca\/wp-content\/uploads\/2025\/10\/AVANTAGES-SOCIAUX-ET-COLLECTIFS.png\u00a0\u00bb title_text=\u00a0\u00bbAVANTAGES SOCIAUX ET COLLECTIFS\u00a0\u00bb _builder_version=\u00a0\u00bb4.27.4&Prime; _module_preset=\u00a0\u00bbdefault\u00a0\u00bb animation_style=\u00a0\u00bbslide\u00a0\u00bb global_colors_info=\u00a0\u00bb{}\u00a0\u00bb][\/et_pb_image][\/et_pb_column][et_pb_column type=\u00a0\u00bb3_5&Prime; _builder_version=\u00a0\u00bb4.27.4&Prime; _module_preset=\u00a0\u00bbdefault\u00a0\u00bb global_colors_info=\u00a0\u00bb{}\u00a0\u00bb][\/et_pb_column][et_pb_column type=\u00a0\u00bb1_5&Prime; _builder_version=\u00a0\u00bb4.27.4&Prime; _module_preset=\u00a0\u00bbdefault\u00a0\u00bb global_colors_info=\u00a0\u00bb{}\u00a0\u00bb][\/et_pb_column][\/et_pb_row][et_pb_row _builder_version=\u00a0\u00bb4.27.4&Prime; _module_preset=\u00a0\u00bbdefault\u00a0\u00bb global_colors_info=\u00a0\u00bb{}\u00a0\u00bb][et_pb_column type=\u00a0\u00bb4_4&Prime; _builder_version=\u00a0\u00bb4.27.4&Prime; _module_preset=\u00a0\u00bbdefault\u00a0\u00bb global_colors_info=\u00a0\u00bb{}\u00a0\u00bb][et_pb_heading title=\u00a0\u00bbAvantages sociaux collectifs\u00a0\u00bb _builder_version=\u00a0\u00bb4.27.4&Prime; _module_preset=\u00a0\u00bbdefault\u00a0\u00bb title_level=\u00a0\u00bbh2&Prime; title_font=\u00a0\u00bb&#8211;et_global_heading_font||||||||\u00a0\u00bb title_text_color=\u00a0\u00bb#084f82&Prime; title_font_size=\u00a0\u00bb40px\u00a0\u00bb animation_style=\u00a0\u00bbslide\u00a0\u00bb animation_direction=\u00a0\u00bbleft\u00a0\u00bb animation_intensity_slide=\u00a0\u00bb25%\u00a0\u00bb global_colors_info=\u00a0\u00bb{}\u00a0\u00bb][\/et_pb_heading][\/et_pb_column][\/et_pb_row][et_pb_row _builder_version=\u00a0\u00bb4.27.4&Prime; _module_preset=\u00a0\u00bbdefault\u00a0\u00bb global_colors_info=\u00a0\u00bb{}\u00a0\u00bb][et_pb_column type=\u00a0\u00bb4_4&Prime; _builder_version=\u00a0\u00bb4.27.4&Prime; _module_preset=\u00a0\u00bbdefault\u00a0\u00bb global_colors_info=\u00a0\u00bb{}\u00a0\u00bb][et_pb_text _builder_version=\u00a0\u00bb4.27.4&Prime; _module_preset=\u00a0\u00bbdefault\u00a0\u00bb text_font=\u00a0\u00bb&#8211;et_global_body_font||||||||\u00a0\u00bb text_font_size=\u00a0\u00bb15px\u00a0\u00bb text_letter_spacing=\u00a0\u00bb1px\u00a0\u00bb text_line_height=\u00a0\u00bb1.5em\u00a0\u00bb global_colors_info=\u00a0\u00bb{}\u00a0\u00bb]<\/p>\n<p data-start=\"110\" data-end=\"258\">Des r\u00e9gimes d\u2019avantages sociaux bien con\u00e7us font toute la diff\u00e9rence pour attirer, mobiliser et fid\u00e9liser les talents au sein de votre entreprise.<\/p>\n<p data-start=\"260\" data-end=\"489\">Nous vous offrons un acc\u00e8s \u00e0 des solutions personnalis\u00e9es, incluant :<\/p>\n<p>\u2013 Assurance vie et invalidit\u00e9<br data-start=\"361\" data-end=\"364\" \/>\u2013 Assurance sant\u00e9 compl\u00e9mentaire<br data-start=\"396\" data-end=\"399\" \/>\u2013 Soins dentaires et soins de la vue<br data-start=\"435\" data-end=\"438\" \/>\u2013 R\u00e9gimes adapt\u00e9s pour les travailleurs \u00e9trangers<\/p>\n<p data-start=\"491\" data-end=\"602\">Nos produits et services novateurs s\u2019ajustent \u00e0 la r\u00e9alit\u00e9 de votre organisation et aux besoins de vos \u00e9quipes.<\/p>\n<p data-start=\"604\" data-end=\"759\"><strong data-start=\"604\" data-end=\"759\">Communiquez avec nous d\u00e8s aujourd\u2019hui pour d\u00e9couvrir des solutions qui soutiennent le bien-\u00eatre de vos employ\u00e9s \u2014 et la croissance de votre entreprise.<\/strong><\/p>\n<p>[\/et_pb_text][\/et_pb_column][\/et_pb_row][et_pb_row _builder_version=\u00a0\u00bb4.27.4&Prime; _module_preset=\u00a0\u00bbdefault\u00a0\u00bb global_colors_info=\u00a0\u00bb{}\u00a0\u00bb][et_pb_column type=\u00a0\u00bb4_4&Prime; _builder_version=\u00a0\u00bb4.27.4&Prime; _module_preset=\u00a0\u00bbdefault\u00a0\u00bb global_colors_info=\u00a0\u00bb{}\u00a0\u00bb][\/et_pb_column][\/et_pb_row][et_pb_row column_structure=\u00a0\u00bb1_5,3_5,1_5&Prime; _builder_version=\u00a0\u00bb4.27.4&Prime; _module_preset=\u00a0\u00bbdefault\u00a0\u00bb global_colors_info=\u00a0\u00bb{}\u00a0\u00bb][et_pb_column type=\u00a0\u00bb1_5&Prime; _builder_version=\u00a0\u00bb4.27.4&Prime; _module_preset=\u00a0\u00bbdefault\u00a0\u00bb global_colors_info=\u00a0\u00bb{}\u00a0\u00bb][et_pb_image src=\u00a0\u00bbhttps:\/\/sfnadal.ca\/wp-content\/uploads\/2025\/10\/Regimes-de-retraite-et-depargne-collectifs.png\u00a0\u00bb title_text=\u00a0\u00bbRe\u0301gimes de retraite et d\u2019e\u0301pargne collectifs\u00a0\u00bb _builder_version=\u00a0\u00bb4.27.4&Prime; _module_preset=\u00a0\u00bbdefault\u00a0\u00bb animation_style=\u00a0\u00bbslide\u00a0\u00bb global_colors_info=\u00a0\u00bb{}\u00a0\u00bb][\/et_pb_image][\/et_pb_column][et_pb_column type=\u00a0\u00bb3_5&Prime; _builder_version=\u00a0\u00bb4.27.4&Prime; _module_preset=\u00a0\u00bbdefault\u00a0\u00bb global_colors_info=\u00a0\u00bb{}\u00a0\u00bb][\/et_pb_column][et_pb_column type=\u00a0\u00bb1_5&Prime; _builder_version=\u00a0\u00bb4.27.4&Prime; _module_preset=\u00a0\u00bbdefault\u00a0\u00bb global_colors_info=\u00a0\u00bb{}\u00a0\u00bb][\/et_pb_column][\/et_pb_row][et_pb_row _builder_version=\u00a0\u00bb4.27.4&Prime; _module_preset=\u00a0\u00bbdefault\u00a0\u00bb global_colors_info=\u00a0\u00bb{}\u00a0\u00bb][et_pb_column type=\u00a0\u00bb4_4&Prime; _builder_version=\u00a0\u00bb4.27.4&Prime; _module_preset=\u00a0\u00bbdefault\u00a0\u00bb global_colors_info=\u00a0\u00bb{}\u00a0\u00bb][et_pb_heading title=\u00a0\u00bbR\u00e9gimes de retraite et d\u2019\u00e9pargne collectifs\u00a0\u00bb _builder_version=\u00a0\u00bb4.27.4&Prime; _module_preset=\u00a0\u00bbdefault\u00a0\u00bb title_level=\u00a0\u00bbh2&Prime; title_font=\u00a0\u00bb&#8211;et_global_heading_font||||||||\u00a0\u00bb title_text_color=\u00a0\u00bb#084f82&Prime; title_font_size=\u00a0\u00bb40px\u00a0\u00bb animation_style=\u00a0\u00bbslide\u00a0\u00bb animation_direction=\u00a0\u00bbleft\u00a0\u00bb animation_intensity_slide=\u00a0\u00bb25%\u00a0\u00bb global_colors_info=\u00a0\u00bb{}\u00a0\u00bb][\/et_pb_heading][et_pb_text _builder_version=\u00a0\u00bb4.27.4&Prime; _module_preset=\u00a0\u00bbdefault\u00a0\u00bb text_font=\u00a0\u00bb&#8211;et_global_body_font||||||||\u00a0\u00bb text_font_size=\u00a0\u00bb15px\u00a0\u00bb text_letter_spacing=\u00a0\u00bb1px\u00a0\u00bb text_line_height=\u00a0\u00bb1.5em\u00a0\u00bb global_colors_info=\u00a0\u00bb{}\u00a0\u00bb]<\/p>\n<p data-start=\"146\" data-end=\"381\">Offrir un r\u00e9gime de retraite ou d\u2019\u00e9pargne collectif, c\u2019est investir dans la stabilit\u00e9 de votre entreprise et dans la satisfaction de vos employ\u00e9s. Ces r\u00e9gimes sont des leviers puissants pour attirer, mobiliser et fid\u00e9liser les talents.<\/p>\n<p data-start=\"383\" data-end=\"462\">Nous vous proposons un \u00e9ventail complet de solutions adapt\u00e9es \u00e0 vos objectifs :<\/p>\n<p data-start=\"464\" data-end=\"680\">\u2013 R\u00e9gimes enregistr\u00e9s d\u2019\u00e9pargne-retraite collectifs (REER)<br data-start=\"522\" data-end=\"525\" \/>\u2013 R\u00e9gimes de participation diff\u00e9r\u00e9e aux b\u00e9n\u00e9fices (RPDB)<br data-start=\"581\" data-end=\"584\" \/>\u2013 R\u00e9gimes de retraite \u00e0 cotisation d\u00e9termin\u00e9e<br data-start=\"629\" data-end=\"632\" \/>\u2013 R\u00e9gimes non enregistr\u00e9s d\u2019\u00e9pargne collectifs<\/p>\n<p data-start=\"682\" data-end=\"779\">Chaque r\u00e9gime peut \u00eatre personnalis\u00e9 en fonction de votre r\u00e9alit\u00e9 d\u2019affaires et de vos priorit\u00e9s.<\/p>\n<p data-start=\"781\" data-end=\"924\"><strong data-start=\"781\" data-end=\"924\">Communiquez avec nous d\u00e8s aujourd\u2019hui pour d\u00e9couvrir comment ces solutions peuvent contribuer \u00e0 la performance durable de votre entreprise.<\/strong><\/p>\n<p>[\/et_pb_text][\/et_pb_column][\/et_pb_row][et_pb_row _builder_version=\u00a0\u00bb4.27.4&Prime; _module_preset=\u00a0\u00bbdefault\u00a0\u00bb global_colors_info=\u00a0\u00bb{}\u00a0\u00bb][et_pb_column type=\u00a0\u00bb4_4&Prime; _builder_version=\u00a0\u00bb4.27.4&Prime; _module_preset=\u00a0\u00bbdefault\u00a0\u00bb global_colors_info=\u00a0\u00bb{}\u00a0\u00bb][\/et_pb_column][\/et_pb_row][\/et_pb_section][et_pb_section fb_built=\u00a0\u00bb1&Prime; admin_label=\u00a0\u00bbCall to Action\u00a0\u00bb _builder_version=\u00a0\u00bb4.27.4&Prime; background_color=\u00a0\u00bb#084f82&Prime; custom_padding=\u00a0\u00bb40px||23px||false|false\u00a0\u00bb locked=\u00a0\u00bboff\u00a0\u00bb global_colors_info=\u00a0\u00bb{}\u00a0\u00bb][et_pb_row admin_label=\u00a0\u00bbContent Area\u00a0\u00bb _builder_version=\u00a0\u00bb4.16&Prime; global_colors_info=\u00a0\u00bb{}\u00a0\u00bb][et_pb_column type=\u00a0\u00bb4_4&Prime; _builder_version=\u00a0\u00bb4.16&Prime; custom_padding=\u00a0\u00bb|||\u00a0\u00bb global_colors_info=\u00a0\u00bb{}\u00a0\u00bb custom_padding__hover=\u00a0\u00bb|||\u00a0\u00bb][et_pb_image src=\u00a0\u00bbhttps:\/\/sfnadal.ca\/wp-content\/uploads\/2025\/05\/health-icon-1-2.png\u00a0\u00bb align=\u00a0\u00bbcenter\u00a0\u00bb align_tablet=\u00a0\u00bbcenter\u00a0\u00bb align_phone=\u00a0\u00bbcenter\u00a0\u00bb align_last_edited=\u00a0\u00bbon|desktop\u00a0\u00bb _builder_version=\u00a0\u00bb4.16&Prime; global_colors_info=\u00a0\u00bb{}\u00a0\u00bb][\/et_pb_image][et_pb_text _builder_version=\u00a0\u00bb4.16&Prime; text_font=\u00a0\u00bbMontserrat||||||||\u00a0\u00bb header_font=\u00a0\u00bb||||||||\u00a0\u00bb header_2_font=\u00a0\u00bbMontserrat|300|||||||\u00a0\u00bb header_2_text_align=\u00a0\u00bbcenter\u00a0\u00bb header_2_font_size=\u00a0\u00bb50px\u00a0\u00bb header_2_line_height=\u00a0\u00bb1.4em\u00a0\u00bb text_orientation=\u00a0\u00bbcenter\u00a0\u00bb background_layout=\u00a0\u00bbdark\u00a0\u00bb header_2_font_size_tablet=\u00a0\u00bb\u00a0\u00bb header_2_font_size_phone=\u00a0\u00bb30px\u00a0\u00bb header_2_font_size_last_edited=\u00a0\u00bbon|phone\u00a0\u00bb header_2_line_height_tablet=\u00a0\u00bb1.4em\u00a0\u00bb header_2_line_height_phone=\u00a0\u00bb\u00a0\u00bb header_2_line_height_last_edited=\u00a0\u00bbon|desktop\u00a0\u00bb global_colors_info=\u00a0\u00bb{}\u00a0\u00bb]<\/p>\n<h2>Contactez-nous !<\/h2>\n<p>[\/et_pb_text][\/et_pb_column][\/et_pb_row][et_pb_row column_structure=\u00a0\u00bb1_3,1_3,1_3&Prime; admin_label=\u00a0\u00bbContent Area\u00a0\u00bb _builder_version=\u00a0\u00bb4.16&Prime; global_colors_info=\u00a0\u00bb{}\u00a0\u00bb][et_pb_column type=\u00a0\u00bb1_3&Prime; _builder_version=\u00a0\u00bb4.16&Prime; custom_padding=\u00a0\u00bb|||\u00a0\u00bb global_colors_info=\u00a0\u00bb{}\u00a0\u00bb custom_padding__hover=\u00a0\u00bb|||\u00a0\u00bb][et_pb_blurb title=\u00a0\u00bb450 583-6208&Prime; use_icon=\u00a0\u00bbon\u00a0\u00bb font_icon=\u00a0\u00bb&#xe090;||divi||400&Prime; image_icon_background_color=\u00a0\u00bb#ffffff\u00a0\u00bb icon_placement=\u00a0\u00bbleft\u00a0\u00bb image_icon_width=\u00a0\u00bb16px\u00a0\u00bb _builder_version=\u00a0\u00bb4.27.4&Prime; header_font=\u00a0\u00bbMontserrat||||||||\u00a0\u00bb header_text_color=\u00a0\u00bb#ffffff\u00a0\u00bb header_font_size=\u00a0\u00bb20px\u00a0\u00bb header_line_height=\u00a0\u00bb1.7em\u00a0\u00bb image_icon_custom_padding=\u00a0\u00bb8px|8px|8px|8px|false|false\u00a0\u00bb border_radii_image=\u00a0\u00bbon|100%|100%|100%|100%\u00a0\u00bb icon_font_size=\u00a0\u00bb16px\u00a0\u00bb use_circle=\u00a0\u00bbon\u00a0\u00bb circle_color=\u00a0\u00bb#ffffff\u00a0\u00bb global_colors_info=\u00a0\u00bb{}\u00a0\u00bb image_icon_background_color__sticky_enabled=\u00a0\u00bb#084f82&Prime; image_icon_background_color__sticky=\u00a0\u00bb#084f82&Prime;][\/et_pb_blurb][\/et_pb_column][et_pb_column type=\u00a0\u00bb1_3&Prime; _builder_version=\u00a0\u00bb4.16&Prime; custom_padding=\u00a0\u00bb|||\u00a0\u00bb global_colors_info=\u00a0\u00bb{}\u00a0\u00bb custom_padding__hover=\u00a0\u00bb|||\u00a0\u00bb][et_pb_blurb title=\u00a0\u00bbgauthier.nadia@sfnadal.com ***\u00a0\u00bb use_icon=\u00a0\u00bbon\u00a0\u00bb font_icon=\u00a0\u00bb&#xe076;||divi||400&Prime; image_icon_background_color=\u00a0\u00bb#ffffff\u00a0\u00bb icon_placement=\u00a0\u00bbleft\u00a0\u00bb image_icon_width=\u00a0\u00bb16px\u00a0\u00bb _builder_version=\u00a0\u00bb4.27.4&Prime; header_font=\u00a0\u00bbMontserrat||||||||\u00a0\u00bb header_text_color=\u00a0\u00bb#ffffff\u00a0\u00bb header_font_size=\u00a0\u00bb20px\u00a0\u00bb header_line_height=\u00a0\u00bb1.7em\u00a0\u00bb image_icon_custom_padding=\u00a0\u00bb8px|8px|8px|8px|false|false\u00a0\u00bb border_radii_image=\u00a0\u00bbon|100%|100%|100%|100%\u00a0\u00bb icon_font_size=\u00a0\u00bb16px\u00a0\u00bb use_circle=\u00a0\u00bbon\u00a0\u00bb circle_color=\u00a0\u00bb#ffffff\u00a0\u00bb locked=\u00a0\u00bboff\u00a0\u00bb global_colors_info=\u00a0\u00bb{}\u00a0\u00bb image_icon_background_color__sticky_enabled=\u00a0\u00bb#084f82&Prime; image_icon_background_color__sticky=\u00a0\u00bb#084f82&Prime;][\/et_pb_blurb][\/et_pb_column][et_pb_column type=\u00a0\u00bb1_3&Prime; _builder_version=\u00a0\u00bb4.16&Prime; custom_padding=\u00a0\u00bb|||\u00a0\u00bb global_colors_info=\u00a0\u00bb{}\u00a0\u00bb custom_padding__hover=\u00a0\u00bb|||\u00a0\u00bb][et_pb_blurb title=\u00a0\u00bb10, rue Dansereau Verch\u00e8res (Qc) J0L 2R0&Prime; use_icon=\u00a0\u00bbon\u00a0\u00bb font_icon=\u00a0\u00bb&#xe081;||divi||400&Prime; icon_color=\u00a0\u00bb#2f8cff\u00a0\u00bb image_icon_background_color=\u00a0\u00bb#ffffff\u00a0\u00bb icon_placement=\u00a0\u00bbleft\u00a0\u00bb image_icon_width=\u00a0\u00bb16px\u00a0\u00bb _builder_version=\u00a0\u00bb4.16&Prime; header_font=\u00a0\u00bbMontserrat||||||||\u00a0\u00bb header_text_color=\u00a0\u00bb#ffffff\u00a0\u00bb header_font_size=\u00a0\u00bb20px\u00a0\u00bb header_line_height=\u00a0\u00bb1.7em\u00a0\u00bb image_icon_custom_padding=\u00a0\u00bb8px|8px|8px|8px|false|false\u00a0\u00bb border_radii_image=\u00a0\u00bbon|100%|100%|100%|100%\u00a0\u00bb icon_font_size=\u00a0\u00bb16px\u00a0\u00bb use_circle=\u00a0\u00bbon\u00a0\u00bb circle_color=\u00a0\u00bb#ffffff\u00a0\u00bb locked=\u00a0\u00bboff\u00a0\u00bb global_colors_info=\u00a0\u00bb{}\u00a0\u00bb image_icon_background_color__sticky_enabled=\u00a0\u00bb#084f82&Prime; image_icon_background_color__sticky=\u00a0\u00bb#084f82&Prime;][\/et_pb_blurb][\/et_pb_column][\/et_pb_row][\/et_pb_section][et_pb_section fb_built=\u00a0\u00bb1&Prime; _builder_version=\u00a0\u00bb4.27.4&Prime; _module_preset=\u00a0\u00bbdefault\u00a0\u00bb custom_padding=\u00a0\u00bb0px||0px|||\u00a0\u00bb global_colors_info=\u00a0\u00bb{}\u00a0\u00bb][et_pb_row _builder_version=\u00a0\u00bb4.27.4&Prime; _module_preset=\u00a0\u00bbdefault\u00a0\u00bb global_colors_info=\u00a0\u00bb{}\u00a0\u00bb][et_pb_column type=\u00a0\u00bb4_4&Prime; _builder_version=\u00a0\u00bb4.27.4&Prime; _module_preset=\u00a0\u00bbdefault\u00a0\u00bb global_colors_info=\u00a0\u00bb{}\u00a0\u00bb][et_pb_text _builder_version=\u00a0\u00bb4.27.4&Prime; _module_preset=\u00a0\u00bbdefault\u00a0\u00bb global_colors_info=\u00a0\u00bb{}\u00a0\u00bb]<\/p>\n<p><span>*** L&rsquo;usage du courrier \u00e9lectronique ne constitue pas un moyen s\u00fbr de transmettre des donn\u00e9es. Par cons\u00e9quent, les renseignements personnels devraient \u00eatre transmis de fa\u00e7on plus s\u00fbre.<\/span><\/p>\n<p>[\/et_pb_text][\/et_pb_column][\/et_pb_row][\/et_pb_section]<\/p>\n","protected":false},"excerpt":{"rendered":"<p>Solutions de produitsL\u2019univers des produits financiers peut rapidement devenir complexe. Entre les diff\u00e9rentes options d\u2019assurance, de placements et d\u2019\u00e9pargne, il est parfois difficile de savoir quelles solutions r\u00e9pondent r\u00e9ellement \u00e0 vos besoins actuels tout en anticipant ceux de demain. C\u2019est pourquoi l\u2019accompagnement d\u2019un conseiller en s\u00e9curit\u00e9 financi\u00e8re exp\u00e9riment\u00e9 est essentiel. Notre r\u00f4le est de vous [&hellip;]<\/p>\n","protected":false},"author":1,"featured_media":0,"parent":0,"menu_order":0,"comment_status":"closed","ping_status":"closed","template":"","meta":{"_et_pb_use_builder":"on","_et_pb_old_content":"","_et_gb_content_width":"","footnotes":""},"class_list":["post-21","page","type-page","status-publish","hentry"],"yoast_head":"<!-- This site is optimized with the Yoast SEO plugin v27.5 - https:\/\/yoast.com\/product\/yoast-seo-wordpress\/ -->\n<title>PRODUITS ET SERVICES - Services financiers Nadal<\/title>\n<meta name=\"robots\" content=\"index, follow, max-snippet:-1, max-image-preview:large, max-video-preview:-1\" \/>\n<link rel=\"canonical\" href=\"https:\/\/sfnadal.ca\/?page_id=21\" \/>\n<meta property=\"og:locale\" content=\"fr_CA\" \/>\n<meta property=\"og:type\" content=\"article\" \/>\n<meta property=\"og:title\" content=\"PRODUITS ET SERVICES - Services financiers Nadal\" \/>\n<meta property=\"og:description\" content=\"Solutions de produitsL\u2019univers des produits financiers peut rapidement devenir complexe. Entre les diff\u00e9rentes options d\u2019assurance, de placements et d\u2019\u00e9pargne, il est parfois difficile de savoir quelles solutions r\u00e9pondent r\u00e9ellement \u00e0 vos besoins actuels tout en anticipant ceux de demain. C\u2019est pourquoi l\u2019accompagnement d\u2019un conseiller en s\u00e9curit\u00e9 financi\u00e8re exp\u00e9riment\u00e9 est essentiel. Notre r\u00f4le est de vous [&hellip;]\" \/>\n<meta property=\"og:url\" content=\"https:\/\/sfnadal.ca\/?page_id=21\" \/>\n<meta property=\"og:site_name\" content=\"Services financiers Nadal\" \/>\n<meta property=\"article:modified_time\" content=\"2025-10-30T01:03:08+00:00\" \/>\n<meta name=\"twitter:card\" content=\"summary_large_image\" \/>\n<meta name=\"twitter:label1\" content=\"Estimation du temps de lecture\" \/>\n\t<meta name=\"twitter:data1\" content=\"28 minutes\" \/>\n<script type=\"application\/ld+json\" class=\"yoast-schema-graph\">{\"@context\":\"https:\\\/\\\/schema.org\",\"@graph\":[{\"@type\":\"WebPage\",\"@id\":\"https:\\\/\\\/sfnadal.ca\\\/?page_id=21\",\"url\":\"https:\\\/\\\/sfnadal.ca\\\/?page_id=21\",\"name\":\"PRODUITS ET SERVICES - Services financiers Nadal\",\"isPartOf\":{\"@id\":\"https:\\\/\\\/sfnadal.ca\\\/#website\"},\"datePublished\":\"2025-03-06T18:27:18+00:00\",\"dateModified\":\"2025-10-30T01:03:08+00:00\",\"breadcrumb\":{\"@id\":\"https:\\\/\\\/sfnadal.ca\\\/?page_id=21#breadcrumb\"},\"inLanguage\":\"fr-CA\",\"potentialAction\":[{\"@type\":\"ReadAction\",\"target\":[\"https:\\\/\\\/sfnadal.ca\\\/?page_id=21\"]}]},{\"@type\":\"BreadcrumbList\",\"@id\":\"https:\\\/\\\/sfnadal.ca\\\/?page_id=21#breadcrumb\",\"itemListElement\":[{\"@type\":\"ListItem\",\"position\":1,\"name\":\"Accueil\",\"item\":\"https:\\\/\\\/sfnadal.ca\\\/\"},{\"@type\":\"ListItem\",\"position\":2,\"name\":\"PRODUITS ET SERVICES\"}]},{\"@type\":\"WebSite\",\"@id\":\"https:\\\/\\\/sfnadal.ca\\\/#website\",\"url\":\"https:\\\/\\\/sfnadal.ca\\\/\",\"name\":\"Services financiers Nadal\",\"description\":\"\",\"publisher\":{\"@id\":\"https:\\\/\\\/sfnadal.ca\\\/#organization\"},\"potentialAction\":[{\"@type\":\"SearchAction\",\"target\":{\"@type\":\"EntryPoint\",\"urlTemplate\":\"https:\\\/\\\/sfnadal.ca\\\/?s={search_term_string}\"},\"query-input\":{\"@type\":\"PropertyValueSpecification\",\"valueRequired\":true,\"valueName\":\"search_term_string\"}}],\"inLanguage\":\"fr-CA\"},{\"@type\":\"Organization\",\"@id\":\"https:\\\/\\\/sfnadal.ca\\\/#organization\",\"name\":\"Services financiers Nadal\",\"url\":\"https:\\\/\\\/sfnadal.ca\\\/\",\"logo\":{\"@type\":\"ImageObject\",\"inLanguage\":\"fr-CA\",\"@id\":\"https:\\\/\\\/sfnadal.ca\\\/#\\\/schema\\\/logo\\\/image\\\/\",\"url\":\"https:\\\/\\\/sfnadal.ca\\\/wp-content\\\/uploads\\\/2025\\\/05\\\/Capture-decran-le-2025-05-04-a-11.40.02.png\",\"contentUrl\":\"https:\\\/\\\/sfnadal.ca\\\/wp-content\\\/uploads\\\/2025\\\/05\\\/Capture-decran-le-2025-05-04-a-11.40.02.png\",\"width\":1136,\"height\":208,\"caption\":\"Services financiers Nadal\"},\"image\":{\"@id\":\"https:\\\/\\\/sfnadal.ca\\\/#\\\/schema\\\/logo\\\/image\\\/\"}}]}<\/script>\n<!-- \/ Yoast SEO plugin. -->","yoast_head_json":{"title":"PRODUITS ET SERVICES - Services financiers Nadal","robots":{"index":"index","follow":"follow","max-snippet":"max-snippet:-1","max-image-preview":"max-image-preview:large","max-video-preview":"max-video-preview:-1"},"canonical":"https:\/\/sfnadal.ca\/?page_id=21","og_locale":"fr_CA","og_type":"article","og_title":"PRODUITS ET SERVICES - Services financiers Nadal","og_description":"Solutions de produitsL\u2019univers des produits financiers peut rapidement devenir complexe. Entre les diff\u00e9rentes options d\u2019assurance, de placements et d\u2019\u00e9pargne, il est parfois difficile de savoir quelles solutions r\u00e9pondent r\u00e9ellement \u00e0 vos besoins actuels tout en anticipant ceux de demain. C\u2019est pourquoi l\u2019accompagnement d\u2019un conseiller en s\u00e9curit\u00e9 financi\u00e8re exp\u00e9riment\u00e9 est essentiel. Notre r\u00f4le est de vous [&hellip;]","og_url":"https:\/\/sfnadal.ca\/?page_id=21","og_site_name":"Services financiers Nadal","article_modified_time":"2025-10-30T01:03:08+00:00","twitter_card":"summary_large_image","twitter_misc":{"Estimation du temps de lecture":"28 minutes"},"schema":{"@context":"https:\/\/schema.org","@graph":[{"@type":"WebPage","@id":"https:\/\/sfnadal.ca\/?page_id=21","url":"https:\/\/sfnadal.ca\/?page_id=21","name":"PRODUITS ET SERVICES - Services financiers Nadal","isPartOf":{"@id":"https:\/\/sfnadal.ca\/#website"},"datePublished":"2025-03-06T18:27:18+00:00","dateModified":"2025-10-30T01:03:08+00:00","breadcrumb":{"@id":"https:\/\/sfnadal.ca\/?page_id=21#breadcrumb"},"inLanguage":"fr-CA","potentialAction":[{"@type":"ReadAction","target":["https:\/\/sfnadal.ca\/?page_id=21"]}]},{"@type":"BreadcrumbList","@id":"https:\/\/sfnadal.ca\/?page_id=21#breadcrumb","itemListElement":[{"@type":"ListItem","position":1,"name":"Accueil","item":"https:\/\/sfnadal.ca\/"},{"@type":"ListItem","position":2,"name":"PRODUITS ET SERVICES"}]},{"@type":"WebSite","@id":"https:\/\/sfnadal.ca\/#website","url":"https:\/\/sfnadal.ca\/","name":"Services financiers Nadal","description":"","publisher":{"@id":"https:\/\/sfnadal.ca\/#organization"},"potentialAction":[{"@type":"SearchAction","target":{"@type":"EntryPoint","urlTemplate":"https:\/\/sfnadal.ca\/?s={search_term_string}"},"query-input":{"@type":"PropertyValueSpecification","valueRequired":true,"valueName":"search_term_string"}}],"inLanguage":"fr-CA"},{"@type":"Organization","@id":"https:\/\/sfnadal.ca\/#organization","name":"Services financiers Nadal","url":"https:\/\/sfnadal.ca\/","logo":{"@type":"ImageObject","inLanguage":"fr-CA","@id":"https:\/\/sfnadal.ca\/#\/schema\/logo\/image\/","url":"https:\/\/sfnadal.ca\/wp-content\/uploads\/2025\/05\/Capture-decran-le-2025-05-04-a-11.40.02.png","contentUrl":"https:\/\/sfnadal.ca\/wp-content\/uploads\/2025\/05\/Capture-decran-le-2025-05-04-a-11.40.02.png","width":1136,"height":208,"caption":"Services financiers Nadal"},"image":{"@id":"https:\/\/sfnadal.ca\/#\/schema\/logo\/image\/"}}]}},"_links":{"self":[{"href":"https:\/\/sfnadal.ca\/index.php?rest_route=\/wp\/v2\/pages\/21","targetHints":{"allow":["GET"]}}],"collection":[{"href":"https:\/\/sfnadal.ca\/index.php?rest_route=\/wp\/v2\/pages"}],"about":[{"href":"https:\/\/sfnadal.ca\/index.php?rest_route=\/wp\/v2\/types\/page"}],"author":[{"embeddable":true,"href":"https:\/\/sfnadal.ca\/index.php?rest_route=\/wp\/v2\/users\/1"}],"replies":[{"embeddable":true,"href":"https:\/\/sfnadal.ca\/index.php?rest_route=%2Fwp%2Fv2%2Fcomments&post=21"}],"version-history":[{"count":32,"href":"https:\/\/sfnadal.ca\/index.php?rest_route=\/wp\/v2\/pages\/21\/revisions"}],"predecessor-version":[{"id":369,"href":"https:\/\/sfnadal.ca\/index.php?rest_route=\/wp\/v2\/pages\/21\/revisions\/369"}],"wp:attachment":[{"href":"https:\/\/sfnadal.ca\/index.php?rest_route=%2Fwp%2Fv2%2Fmedia&parent=21"}],"curies":[{"name":"wp","href":"https:\/\/api.w.org\/{rel}","templated":true}]}}